{"id":966,"date":"2018-01-15T18:10:00","date_gmt":"2018-01-15T17:10:00","guid":{"rendered":"http:\/\/www.feuerwehr-volkmarode.de\/?post_type=einsatz&#038;p=966"},"modified":"2020-08-22T16:17:00","modified_gmt":"2020-08-22T14:17:00","slug":"alarmuebung-fachzug-83","status":"publish","type":"einsatz","link":"https:\/\/www.feuerwehr-volkmarode.de\/?einsatz=alarmuebung-fachzug-83","title":{"rendered":"Alarm\u00fcbung Fachzug 83"},"content":{"rendered":"<p>Zu unserem Ersten Einsatz in 2018 wurden wir am 15.01.2018 gerufen. Gl\u00fccklicherweise handelte es sich hierbei um eine Alarm\u00fcbung des Fachzug 83.<\/p>\n<p>&nbsp;<\/p>\n<p><a href=\"http:\/\/www.feuerwehr-volkmarode.de\/wp-content\/uploads\/2018\/01\/IMG-20180115-WA0002.jpg\"><img loading=\"lazy\" decoding=\"async\" class=\"alignnone size-medium wp-image-967\" src=\"http:\/\/www.feuerwehr-volkmarode.de\/wp-content\/uploads\/2018\/01\/IMG-20180115-WA0002-300x225.jpg\" alt=\"\" width=\"300\" height=\"225\" srcset=\"https:\/\/www.feuerwehr-volkmarode.de\/wp-content\/uploads\/2018\/01\/IMG-20180115-WA0002-300x225.jpg 300w, https:\/\/www.feuerwehr-volkmarode.de\/wp-content\/uploads\/2018\/01\/IMG-20180115-WA0002-768x576.jpg 768w, https:\/\/www.feuerwehr-volkmarode.de\/wp-content\/uploads\/2018\/01\/IMG-20180115-WA0002-1024x768.jpg 1024w, https:\/\/www.feuerwehr-volkmarode.de\/wp-content\/uploads\/2018\/01\/IMG-20180115-WA0002.jpg 1280w\" sizes=\"auto, (max-width: 300px) 100vw, 300px\" \/><\/a><\/p>\n<p>&nbsp;<\/p>\n<p><a href=\"https:\/\/www.news38.de\/braunschweig\/article213122823\/Blaulicht-im-Bueltenweg-Feuerwehr-rettet-im-Abrisshaus.html\">https:\/\/www.news38.de\/braunschweig\/article213122823\/Blaulicht-im-Bueltenweg-Feuerwehr-rettet-im-Abrisshaus.html<\/a><\/p>\n<p>&nbsp;<\/p>\n<p>&nbsp;<\/p>\n","protected":false},"author":3,"featured_media":974,"template":"","meta":{"_monsterinsights_skip_tracking":false,"spay_email":"","einsatz_weight":1,"footnotes":"","jetpack_publicize_message":"","jetpack_is_tweetstorm":false,"jetpack_publicize_feature_enabled":true},"categories":[54],"tags":[],"einsatzart":[43],"fahrzeug":[34,32],"exteinsatzmittel":[],"alarmierungsart":[],"evw_unit":[],"class_list":["post-966","einsatz","type-einsatz","status-publish","has-post-thumbnail","hentry","category-einsaetze","einsatzart-loeschzug-83","fahrzeug-einsatzleitwagen","fahrzeug-tankloeschfahrzeug-1624-tr"],"aioseo_notices":[],"aioseo_head":"\n\t\t<!-- All in One SEO 5.0.0.1 - aioseo.com -->\n\t<meta name=\"description\" content=\"Zu unserem Ersten Einsatz in 2018 wurden wir am 15.01.2018 gerufen. Gl\u00fccklicherweise handelte es sich hierbei um eine Alarm\u00fcbung des Fachzug 83. https:\/\/www.news38.de\/braunschweig\/article213122823\/Blaulicht-im-Bueltenweg-Feuerwehr-rettet-im-Abrisshaus.html\" \/>\n\t<meta name=\"robots\" content=\"max-image-preview:large\" \/>\n\t<meta name=\"author\" content=\"Claa\u00dfen\"\/>\n\t<link rel=\"canonical\" href=\"https:\/\/www.feuerwehr-volkmarode.de\/?einsatz=alarmuebung-fachzug-83\" \/>\n\t<meta name=\"generator\" content=\"All in One SEO (AIOSEO) 5.0.0.1\" \/>\n\t\t<meta property=\"og:locale\" content=\"de_DE\" \/>\n\t\t<meta property=\"og:site_name\" content=\"Freiwillige Feuerwehr Volkmarode - #OF33\" \/>\n\t\t<meta property=\"og:type\" content=\"article\" \/>\n\t\t<meta property=\"og:title\" content=\"Alarm\u00fcbung Fachzug 83 - Freiwillige Feuerwehr Volkmarode\" \/>\n\t\t<meta property=\"og:description\" content=\"Zu unserem Ersten Einsatz in 2018 wurden wir am 15.01.2018 gerufen. Gl\u00fccklicherweise handelte es sich hierbei um eine Alarm\u00fcbung des Fachzug 83. https:\/\/www.news38.de\/braunschweig\/article213122823\/Blaulicht-im-Bueltenweg-Feuerwehr-rettet-im-Abrisshaus.html\" \/>\n\t\t<meta property=\"og:url\" content=\"https:\/\/www.feuerwehr-volkmarode.de\/?einsatz=alarmuebung-fachzug-83\" \/>\n\t\t<meta property=\"article:published_time\" content=\"2018-01-15T17:10:00+00:00\" \/>\n\t\t<meta property=\"article:modified_time\" content=\"2020-08-22T14:17:00+00:00\" \/>\n\t\t<meta name=\"twitter:card\" content=\"summary_large_image\" \/>\n\t\t<meta name=\"twitter:title\" content=\"Alarm\u00fcbung Fachzug 83 - Freiwillige Feuerwehr Volkmarode\" \/>\n\t\t<meta name=\"twitter:description\" content=\"Zu unserem Ersten Einsatz in 2018 wurden wir am 15.01.2018 gerufen. Gl\u00fccklicherweise handelte es sich hierbei um eine Alarm\u00fcbung des Fachzug 83. https:\/\/www.news38.de\/braunschweig\/article213122823\/Blaulicht-im-Bueltenweg-Feuerwehr-rettet-im-Abrisshaus.html\" \/>\n\t\t<script type=\"application\/ld+json\" class=\"aioseo-schema\">\n\t\t\t{\"@context\":\"https:\\\/\\\/schema.org\",\"@graph\":[{\"@type\":\"BreadcrumbList\",\"@id\":\"https:\\\/\\\/www.feuerwehr-volkmarode.de\\\/?einsatz=alarmuebung-fachzug-83#breadcrumblist\",\"itemListElement\":[{\"@type\":\"ListItem\",\"@id\":\"https:\\\/\\\/www.feuerwehr-volkmarode.de#listItem\",\"position\":1,\"name\":\"Home\",\"item\":\"https:\\\/\\\/www.feuerwehr-volkmarode.de\",\"nextItem\":{\"@type\":\"ListItem\",\"@id\":\"https:\\\/\\\/www.feuerwehr-volkmarode.de\\\/?post_type=einsatz#listItem\",\"name\":\"Einsatzberichte\"}},{\"@type\":\"ListItem\",\"@id\":\"https:\\\/\\\/www.feuerwehr-volkmarode.de\\\/?post_type=einsatz#listItem\",\"position\":2,\"name\":\"Einsatzberichte\",\"item\":\"https:\\\/\\\/www.feuerwehr-volkmarode.de\\\/?post_type=einsatz\",\"nextItem\":{\"@type\":\"ListItem\",\"@id\":\"https:\\\/\\\/www.feuerwehr-volkmarode.de\\\/?cat=54#listItem\",\"name\":\"Eins\\u00e4tze\"},\"previousItem\":{\"@type\":\"ListItem\",\"@id\":\"https:\\\/\\\/www.feuerwehr-volkmarode.de#listItem\",\"name\":\"Home\"}},{\"@type\":\"ListItem\",\"@id\":\"https:\\\/\\\/www.feuerwehr-volkmarode.de\\\/?cat=54#listItem\",\"position\":3,\"name\":\"Eins\\u00e4tze\",\"item\":\"https:\\\/\\\/www.feuerwehr-volkmarode.de\\\/?cat=54\",\"nextItem\":{\"@type\":\"ListItem\",\"@id\":\"https:\\\/\\\/www.feuerwehr-volkmarode.de\\\/?einsatz=alarmuebung-fachzug-83#listItem\",\"name\":\"Alarm\\u00fcbung Fachzug 83\"},\"previousItem\":{\"@type\":\"ListItem\",\"@id\":\"https:\\\/\\\/www.feuerwehr-volkmarode.de\\\/?post_type=einsatz#listItem\",\"name\":\"Einsatzberichte\"}},{\"@type\":\"ListItem\",\"@id\":\"https:\\\/\\\/www.feuerwehr-volkmarode.de\\\/?einsatz=alarmuebung-fachzug-83#listItem\",\"position\":4,\"name\":\"Alarm\\u00fcbung Fachzug 83\",\"previousItem\":{\"@type\":\"ListItem\",\"@id\":\"https:\\\/\\\/www.feuerwehr-volkmarode.de\\\/?cat=54#listItem\",\"name\":\"Eins\\u00e4tze\"}}]},{\"@type\":\"Organization\",\"@id\":\"https:\\\/\\\/www.feuerwehr-volkmarode.de\\\/#organization\",\"name\":\"Freiwillige Feuerwehr Volkmarode\",\"description\":\"#OF33\",\"url\":\"https:\\\/\\\/www.feuerwehr-volkmarode.de\\\/\"},{\"@type\":\"Person\",\"@id\":\"https:\\\/\\\/www.feuerwehr-volkmarode.de\\\/?author=3#author\",\"url\":\"https:\\\/\\\/www.feuerwehr-volkmarode.de\\\/?author=3\",\"name\":\"Claa\\u00dfen\"},{\"@type\":\"WebPage\",\"@id\":\"https:\\\/\\\/www.feuerwehr-volkmarode.de\\\/?einsatz=alarmuebung-fachzug-83#webpage\",\"url\":\"https:\\\/\\\/www.feuerwehr-volkmarode.de\\\/?einsatz=alarmuebung-fachzug-83\",\"name\":\"Alarm\\u00fcbung Fachzug 83 - Freiwillige Feuerwehr Volkmarode\",\"description\":\"Zu unserem Ersten Einsatz in 2018 wurden wir am 15.01.2018 gerufen. Gl\\u00fccklicherweise handelte es sich hierbei um eine Alarm\\u00fcbung des Fachzug 83. https:\\\/\\\/www.news38.de\\\/braunschweig\\\/article213122823\\\/Blaulicht-im-Bueltenweg-Feuerwehr-rettet-im-Abrisshaus.html\",\"inLanguage\":\"de-DE\",\"isPartOf\":{\"@id\":\"https:\\\/\\\/www.feuerwehr-volkmarode.de\\\/#website\"},\"breadcrumb\":{\"@id\":\"https:\\\/\\\/www.feuerwehr-volkmarode.de\\\/?einsatz=alarmuebung-fachzug-83#breadcrumblist\"},\"author\":{\"@id\":\"https:\\\/\\\/www.feuerwehr-volkmarode.de\\\/?author=3#author\"},\"creator\":{\"@id\":\"https:\\\/\\\/www.feuerwehr-volkmarode.de\\\/?author=3#author\"},\"image\":{\"@type\":\"ImageObject\",\"url\":\"https:\\\/\\\/www.feuerwehr-volkmarode.de\\\/wp-content\\\/uploads\\\/2018\\\/01\\\/1465133_230405773788008_2078857013_n.png\",\"@id\":\"https:\\\/\\\/www.feuerwehr-volkmarode.de\\\/?einsatz=alarmuebung-fachzug-83\\\/#mainImage\",\"width\":448,\"height\":500},\"primaryImageOfPage\":{\"@id\":\"https:\\\/\\\/www.feuerwehr-volkmarode.de\\\/?einsatz=alarmuebung-fachzug-83#mainImage\"},\"datePublished\":\"2018-01-15T18:10:00+01:00\",\"dateModified\":\"2020-08-22T16:17:00+02:00\"},{\"@type\":\"WebSite\",\"@id\":\"https:\\\/\\\/www.feuerwehr-volkmarode.de\\\/#website\",\"url\":\"https:\\\/\\\/www.feuerwehr-volkmarode.de\\\/\",\"name\":\"Freiwillige Feuerwehr Volkmarode\",\"description\":\"#OF33\",\"inLanguage\":\"de-DE\",\"publisher\":{\"@id\":\"https:\\\/\\\/www.feuerwehr-volkmarode.de\\\/#organization\"}}]}\n\t\t<\/script>\n\t\t<!-- All in One SEO -->\n\n","aioseo_head_json":{"title":"Alarm\u00fcbung Fachzug 83 - Freiwillige Feuerwehr Volkmarode","description":"Zu unserem Ersten Einsatz in 2018 wurden wir am 15.01.2018 gerufen. Gl\u00fccklicherweise handelte es sich hierbei um eine Alarm\u00fcbung des Fachzug 83. https:\/\/www.news38.de\/braunschweig\/article213122823\/Blaulicht-im-Bueltenweg-Feuerwehr-rettet-im-Abrisshaus.html","canonical_url":"https:\/\/www.feuerwehr-volkmarode.de\/?einsatz=alarmuebung-fachzug-83","robots":"max-image-preview:large","keywords":"","webmasterTools":{"miscellaneous":""},"schema":{"@context":"https:\/\/schema.org","@graph":[{"@type":"BreadcrumbList","@id":"https:\/\/www.feuerwehr-volkmarode.de\/?einsatz=alarmuebung-fachzug-83#breadcrumblist","itemListElement":[{"@type":"ListItem","@id":"https:\/\/www.feuerwehr-volkmarode.de#listItem","position":1,"name":"Home","item":"https:\/\/www.feuerwehr-volkmarode.de","nextItem":{"@type":"ListItem","@id":"https:\/\/www.feuerwehr-volkmarode.de\/?post_type=einsatz#listItem","name":"Einsatzberichte"}},{"@type":"ListItem","@id":"https:\/\/www.feuerwehr-volkmarode.de\/?post_type=einsatz#listItem","position":2,"name":"Einsatzberichte","item":"https:\/\/www.feuerwehr-volkmarode.de\/?post_type=einsatz","nextItem":{"@type":"ListItem","@id":"https:\/\/www.feuerwehr-volkmarode.de\/?cat=54#listItem","name":"Eins\u00e4tze"},"previousItem":{"@type":"ListItem","@id":"https:\/\/www.feuerwehr-volkmarode.de#listItem","name":"Home"}},{"@type":"ListItem","@id":"https:\/\/www.feuerwehr-volkmarode.de\/?cat=54#listItem","position":3,"name":"Eins\u00e4tze","item":"https:\/\/www.feuerwehr-volkmarode.de\/?cat=54","nextItem":{"@type":"ListItem","@id":"https:\/\/www.feuerwehr-volkmarode.de\/?einsatz=alarmuebung-fachzug-83#listItem","name":"Alarm\u00fcbung Fachzug 83"},"previousItem":{"@type":"ListItem","@id":"https:\/\/www.feuerwehr-volkmarode.de\/?post_type=einsatz#listItem","name":"Einsatzberichte"}},{"@type":"ListItem","@id":"https:\/\/www.feuerwehr-volkmarode.de\/?einsatz=alarmuebung-fachzug-83#listItem","position":4,"name":"Alarm\u00fcbung Fachzug 83","previousItem":{"@type":"ListItem","@id":"https:\/\/www.feuerwehr-volkmarode.de\/?cat=54#listItem","name":"Eins\u00e4tze"}}]},{"@type":"Organization","@id":"https:\/\/www.feuerwehr-volkmarode.de\/#organization","name":"Freiwillige Feuerwehr Volkmarode","description":"#OF33","url":"https:\/\/www.feuerwehr-volkmarode.de\/"},{"@type":"Person","@id":"https:\/\/www.feuerwehr-volkmarode.de\/?author=3#author","url":"https:\/\/www.feuerwehr-volkmarode.de\/?author=3","name":"Claa\u00dfen"},{"@type":"WebPage","@id":"https:\/\/www.feuerwehr-volkmarode.de\/?einsatz=alarmuebung-fachzug-83#webpage","url":"https:\/\/www.feuerwehr-volkmarode.de\/?einsatz=alarmuebung-fachzug-83","name":"Alarm\u00fcbung Fachzug 83 - Freiwillige Feuerwehr Volkmarode","description":"Zu unserem Ersten Einsatz in 2018 wurden wir am 15.01.2018 gerufen. Gl\u00fccklicherweise handelte es sich hierbei um eine Alarm\u00fcbung des Fachzug 83. https:\/\/www.news38.de\/braunschweig\/article213122823\/Blaulicht-im-Bueltenweg-Feuerwehr-rettet-im-Abrisshaus.html","inLanguage":"de-DE","isPartOf":{"@id":"https:\/\/www.feuerwehr-volkmarode.de\/#website"},"breadcrumb":{"@id":"https:\/\/www.feuerwehr-volkmarode.de\/?einsatz=alarmuebung-fachzug-83#breadcrumblist"},"author":{"@id":"https:\/\/www.feuerwehr-volkmarode.de\/?author=3#author"},"creator":{"@id":"https:\/\/www.feuerwehr-volkmarode.de\/?author=3#author"},"image":{"@type":"ImageObject","url":"https:\/\/www.feuerwehr-volkmarode.de\/wp-content\/uploads\/2018\/01\/1465133_230405773788008_2078857013_n.png","@id":"https:\/\/www.feuerwehr-volkmarode.de\/?einsatz=alarmuebung-fachzug-83\/#mainImage","width":448,"height":500},"primaryImageOfPage":{"@id":"https:\/\/www.feuerwehr-volkmarode.de\/?einsatz=alarmuebung-fachzug-83#mainImage"},"datePublished":"2018-01-15T18:10:00+01:00","dateModified":"2020-08-22T16:17:00+02:00"},{"@type":"WebSite","@id":"https:\/\/www.feuerwehr-volkmarode.de\/#website","url":"https:\/\/www.feuerwehr-volkmarode.de\/","name":"Freiwillige Feuerwehr Volkmarode","description":"#OF33","inLanguage":"de-DE","publisher":{"@id":"https:\/\/www.feuerwehr-volkmarode.de\/#organization"}}]},"og:locale":"de_DE","og:site_name":"Freiwillige Feuerwehr Volkmarode - #OF33","og:type":"article","og:title":"Alarm\u00fcbung Fachzug 83 - Freiwillige Feuerwehr Volkmarode","og:description":"Zu unserem Ersten Einsatz in 2018 wurden wir am 15.01.2018 gerufen. Gl\u00fccklicherweise handelte es sich hierbei um eine Alarm\u00fcbung des Fachzug 83. https:\/\/www.news38.de\/braunschweig\/article213122823\/Blaulicht-im-Bueltenweg-Feuerwehr-rettet-im-Abrisshaus.html","og:url":"https:\/\/www.feuerwehr-volkmarode.de\/?einsatz=alarmuebung-fachzug-83","article:published_time":"2018-01-15T17:10:00+00:00","article:modified_time":"2020-08-22T14:17:00+00:00","twitter:card":"summary_large_image","twitter:title":"Alarm\u00fcbung Fachzug 83 - Freiwillige Feuerwehr Volkmarode","twitter:description":"Zu unserem Ersten Einsatz in 2018 wurden wir am 15.01.2018 gerufen. Gl\u00fccklicherweise handelte es sich hierbei um eine Alarm\u00fcbung des Fachzug 83. https:\/\/www.news38.de\/braunschweig\/article213122823\/Blaulicht-im-Bueltenweg-Feuerwehr-rettet-im-Abrisshaus.html"},"aioseo_meta_data":{"post_id":"966","title":null,"description":null,"keywords":null,"keyphrases":null,"primary_term":null,"canonical_url":null,"og_title":null,"og_description":null,"og_object_type":"default","og_image_type":"default","og_image_url":null,"og_image_width":null,"og_image_height":null,"og_image_custom_url":null,"og_image_custom_fields":null,"og_video":null,"og_custom_url":null,"og_article_section":null,"og_article_tags":null,"twitter_use_og":false,"twitter_card":"default","twitter_image_type":"default","twitter_image_url":null,"twitter_image_custom_url":null,"twitter_image_custom_fields":null,"twitter_title":null,"twitter_description":null,"schema":{"blockGraphs":[],"customGraphs":[],"default":{"data":{"Article":[],"Course":[],"Dataset":[],"FAQPage":[],"Movie":[],"Person":[],"Product":[],"ProductReview":[],"Car":[],"Recipe":[],"Service":[],"SoftwareApplication":[],"WebPage":[]},"graphName":"","isEnabled":true},"graphs":[]},"schema_type":"default","schema_type_options":null,"pillar_content":false,"robots_default":true,"robots_noindex":false,"robots_noarchive":false,"robots_nosnippet":false,"robots_nofollow":false,"robots_noimageindex":false,"robots_noodp":false,"robots_notranslate":false,"robots_max_snippet":null,"robots_max_videopreview":null,"robots_max_imagepreview":"large","priority":null,"frequency":null,"local_seo":null,"breadcrumb_settings":null,"limit_modified_date":false,"ai":null,"created":"2025-11-19 17:18:29","updated":"2025-11-19 17:18:29","focus_keyword":null,"additional_keywords":null,"truseo_locale":null,"seo_analyzer_scan_date":null},"aioseo_breadcrumb":"<div class=\"aioseo-breadcrumbs\"><span class=\"aioseo-breadcrumb\">\n\t\t\t<a href=\"https:\/\/www.feuerwehr-volkmarode.de\" title=\"Home\">Home<\/a>\n\t\t<\/span><span class=\"aioseo-breadcrumb-separator\">&raquo;<\/span><span class=\"aioseo-breadcrumb\">\n\t\t\t<a href=\"https:\/\/www.feuerwehr-volkmarode.de\/?post_type=einsatz\" title=\"Einsatzberichte\">Einsatzberichte<\/a>\n\t\t<\/span><span class=\"aioseo-breadcrumb-separator\">&raquo;<\/span><span class=\"aioseo-breadcrumb\">\n\t\t\t<a href=\"https:\/\/www.feuerwehr-volkmarode.de\/?cat=54\" title=\"Eins\u00e4tze\">Eins\u00e4tze<\/a>\n\t\t<\/span><span class=\"aioseo-breadcrumb-separator\">&raquo;<\/span><span class=\"aioseo-breadcrumb\">\n\t\t\tAlarm\u00fcbung Fachzug 83\n\t\t<\/span><\/div>","aioseo_breadcrumb_json":[{"label":"Home","link":"https:\/\/www.feuerwehr-volkmarode.de"},{"label":"Einsatzberichte","link":"https:\/\/www.feuerwehr-volkmarode.de\/?post_type=einsatz"},{"label":"Eins\u00e4tze","link":"https:\/\/www.feuerwehr-volkmarode.de\/?cat=54"},{"label":"Alarm\u00fcbung Fachzug 83","link":"https:\/\/www.feuerwehr-volkmarode.de\/?einsatz=alarmuebung-fachzug-83"}],"jetpack_publicize_connections":[],"jetpack_sharing_enabled":true,"_links":{"self":[{"href":"https:\/\/www.feuerwehr-volkmarode.de\/index.php?rest_route=\/wp\/v2\/einsatz\/966","targetHints":{"allow":["GET"]}}],"collection":[{"href":"https:\/\/www.feuerwehr-volkmarode.de\/index.php?rest_route=\/wp\/v2\/einsatz"}],"about":[{"href":"https:\/\/www.feuerwehr-volkmarode.de\/index.php?rest_route=\/wp\/v2\/types\/einsatz"}],"author":[{"embeddable":true,"href":"https:\/\/www.feuerwehr-volkmarode.de\/index.php?rest_route=\/wp\/v2\/users\/3"}],"version-history":[{"count":4,"href":"https:\/\/www.feuerwehr-volkmarode.de\/index.php?rest_route=\/wp\/v2\/einsatz\/966\/revisions"}],"predecessor-version":[{"id":1159,"href":"https:\/\/www.feuerwehr-volkmarode.de\/index.php?rest_route=\/wp\/v2\/einsatz\/966\/revisions\/1159"}],"wp:featuredmedia":[{"embeddable":true,"href":"https:\/\/www.feuerwehr-volkmarode.de\/index.php?rest_route=\/wp\/v2\/media\/974"}],"wp:attachment":[{"href":"https:\/\/www.feuerwehr-volkmarode.de\/index.php?rest_route=%2Fwp%2Fv2%2Fmedia&parent=966"}],"wp:term":[{"taxonomy":"category","embeddable":true,"href":"https:\/\/www.feuerwehr-volkmarode.de\/index.php?rest_route=%2Fwp%2Fv2%2Fcategories&post=966"},{"taxonomy":"post_tag","embeddable":true,"href":"https:\/\/www.feuerwehr-volkmarode.de\/index.php?rest_route=%2Fwp%2Fv2%2Ftags&post=966"},{"taxonomy":"einsatzart","embeddable":true,"href":"https:\/\/www.feuerwehr-volkmarode.de\/index.php?rest_route=%2Fwp%2Fv2%2Feinsatzart&post=966"},{"taxonomy":"fahrzeug","embeddable":true,"href":"https:\/\/www.feuerwehr-volkmarode.de\/index.php?rest_route=%2Fwp%2Fv2%2Ffahrzeug&post=966"},{"taxonomy":"exteinsatzmittel","embeddable":true,"href":"https:\/\/www.feuerwehr-volkmarode.de\/index.php?rest_route=%2Fwp%2Fv2%2Fexteinsatzmittel&post=966"},{"taxonomy":"alarmierungsart","embeddable":true,"href":"https:\/\/www.feuerwehr-volkmarode.de\/index.php?rest_route=%2Fwp%2Fv2%2Falarmierungsart&post=966"},{"taxonomy":"evw_unit","embeddable":true,"href":"https:\/\/www.feuerwehr-volkmarode.de\/index.php?rest_route=%2Fwp%2Fv2%2Fevw_unit&post=966"}],"curies":[{"name":"wp","href":"https:\/\/api.w.org\/{rel}","templated":true}]}}