{"id":49812,"date":"2021-06-27T01:35:00","date_gmt":"2021-06-26T23:35:00","guid":{"rendered":"https:\/\/www.feuerwehr-volkmarode.de\/?post_type=einsatz&#038;p=49812"},"modified":"2021-06-30T13:41:18","modified_gmt":"2021-06-30T11:41:18","slug":"f4-verdaechtiger-rauch","status":"publish","type":"einsatz","link":"https:\/\/www.feuerwehr-volkmarode.de\/?einsatz=f4-verdaechtiger-rauch","title":{"rendered":"F4 &#8211; Verd\u00e4chtiger Rauch"},"content":{"rendered":"<div class=\"kvgmc6g5 cxmmr5t8 oygrvhab hcukyx3x c1et5uql ii04i59q\">\n<div dir=\"auto\"><span class=\"pq6dq46d tbxw36s4 knj5qynh kvgmc6g5 ditlmg2l oygrvhab nvdbi5me sf5mxxl7 gl3lb2sf hhz5lgdu\"><img loading=\"lazy\" decoding=\"async\" src=\"https:\/\/static.xx.fbcdn.net\/images\/emoji.php\/v9\/tce\/1\/16\/1f4df.png\" alt=\"&#x1f4df;\" width=\"16\" height=\"16\" \/><\/span> Einsatz 13\/21<\/div>\n<div dir=\"auto\"><\/div>\n<\/div>\n<div class=\"o9v6fnle cxmmr5t8 oygrvhab hcukyx3x c1et5uql ii04i59q\">\n<div dir=\"auto\"><span class=\"pq6dq46d tbxw36s4 knj5qynh kvgmc6g5 ditlmg2l oygrvhab nvdbi5me sf5mxxl7 gl3lb2sf hhz5lgdu\"><img loading=\"lazy\" decoding=\"async\" src=\"https:\/\/static.xx.fbcdn.net\/images\/emoji.php\/v9\/t5c\/1\/16\/1f5d3.png\" alt=\"&#x1f5d3;\" width=\"16\" height=\"16\" \/><\/span> 27.06.2021<\/div>\n<div dir=\"auto\"><\/div>\n<\/div>\n<div class=\"o9v6fnle cxmmr5t8 oygrvhab hcukyx3x c1et5uql ii04i59q\">\n<div dir=\"auto\"><span class=\"pq6dq46d tbxw36s4 knj5qynh kvgmc6g5 ditlmg2l oygrvhab nvdbi5me sf5mxxl7 gl3lb2sf hhz5lgdu\"><img loading=\"lazy\" decoding=\"async\" src=\"https:\/\/static.xx.fbcdn.net\/images\/emoji.php\/v9\/t34\/1\/16\/23f0.png\" alt=\"&#x23f0;\" width=\"16\" height=\"16\" \/><\/span> 01:35 Uhr<\/div>\n<div dir=\"auto\"><\/div>\n<\/div>\n<div class=\"o9v6fnle cxmmr5t8 oygrvhab hcukyx3x c1et5uql ii04i59q\">\n<div dir=\"auto\"><span class=\"pq6dq46d tbxw36s4 knj5qynh kvgmc6g5 ditlmg2l oygrvhab nvdbi5me sf5mxxl7 gl3lb2sf hhz5lgdu\"><img loading=\"lazy\" decoding=\"async\" src=\"https:\/\/static.xx.fbcdn.net\/images\/emoji.php\/v9\/t2d\/1\/16\/1f4cd.png\" alt=\"&#x1f4cd;\" width=\"16\" height=\"16\" \/><\/span>Ortslage Schwarzer Berg<\/div>\n<div dir=\"auto\"><\/div>\n<\/div>\n<div class=\"o9v6fnle cxmmr5t8 oygrvhab hcukyx3x c1et5uql ii04i59q\">\n<div dir=\"auto\"><span class=\"pq6dq46d tbxw36s4 knj5qynh kvgmc6g5 ditlmg2l oygrvhab nvdbi5me sf5mxxl7 gl3lb2sf hhz5lgdu\"><img loading=\"lazy\" decoding=\"async\" src=\"https:\/\/static.xx.fbcdn.net\/images\/emoji.php\/v9\/t50\/1\/16\/1f525.png\" alt=\"&#x1f525;\" width=\"16\" height=\"16\" \/><\/span> F4 &#8211; Verd\u00e4chtiger Rauch<\/div>\n<div dir=\"auto\"><\/div>\n<\/div>\n<div class=\"o9v6fnle cxmmr5t8 oygrvhab hcukyx3x c1et5uql ii04i59q\">\n<div dir=\"auto\"><span class=\"pq6dq46d tbxw36s4 knj5qynh kvgmc6g5 ditlmg2l oygrvhab nvdbi5me sf5mxxl7 gl3lb2sf hhz5lgdu\"><img loading=\"lazy\" decoding=\"async\" src=\"https:\/\/static.xx.fbcdn.net\/images\/emoji.php\/v9\/t67\/1\/16\/1f692.png\" alt=\"&#x1f692;\" width=\"16\" height=\"16\" \/><\/span> Ortsfeuerwehr Volkmarode<\/div>\n<div dir=\"auto\"><\/div>\n<div dir=\"auto\">als Bestandteil des Lz83 mit:<\/div>\n<div dir=\"auto\"><span class=\"pq6dq46d tbxw36s4 knj5qynh kvgmc6g5 ditlmg2l oygrvhab nvdbi5me sf5mxxl7 gl3lb2sf hhz5lgdu\"><img loading=\"lazy\" decoding=\"async\" src=\"https:\/\/static.xx.fbcdn.net\/images\/emoji.php\/v9\/t67\/1\/16\/1f692.png\" alt=\"&#x1f692;\" width=\"16\" height=\"16\" \/><\/span> Ortsfeuerwehr Hondelage<\/div>\n<div dir=\"auto\"><span class=\"pq6dq46d tbxw36s4 knj5qynh kvgmc6g5 ditlmg2l oygrvhab nvdbi5me sf5mxxl7 gl3lb2sf hhz5lgdu\"><img loading=\"lazy\" decoding=\"async\" src=\"https:\/\/static.xx.fbcdn.net\/images\/emoji.php\/v9\/t67\/1\/16\/1f692.png\" alt=\"&#x1f692;\" width=\"16\" height=\"16\" \/><\/span> Ortsfeuerwehr Querum<\/div>\n<div dir=\"auto\"><\/div>\n<\/div>\n<div class=\"o9v6fnle cxmmr5t8 oygrvhab hcukyx3x c1et5uql ii04i59q\">\n<div dir=\"auto\"><span class=\"pq6dq46d tbxw36s4 knj5qynh kvgmc6g5 ditlmg2l oygrvhab nvdbi5me sf5mxxl7 gl3lb2sf hhz5lgdu\"><img loading=\"lazy\" decoding=\"async\" src=\"https:\/\/static.xx.fbcdn.net\/images\/emoji.php\/v9\/t67\/1\/16\/1f692.png\" alt=\"&#x1f692;\" width=\"16\" height=\"16\" \/><\/span> Berufsfeuerwehr Braunschweig<\/div>\n<div dir=\"auto\"><\/div>\n<\/div>\n<div class=\"o9v6fnle cxmmr5t8 oygrvhab hcukyx3x c1et5uql ii04i59q\">\n<div dir=\"auto\"><span class=\"pq6dq46d tbxw36s4 knj5qynh kvgmc6g5 ditlmg2l oygrvhab nvdbi5me sf5mxxl7 gl3lb2sf hhz5lgdu\"><img loading=\"lazy\" decoding=\"async\" src=\"https:\/\/static.xx.fbcdn.net\/images\/emoji.php\/v9\/t67\/1\/16\/1f692.png\" alt=\"&#x1f692;\" width=\"16\" height=\"16\" \/><\/span> Fachzug IuK<\/div>\n<div dir=\"auto\"><\/div>\n<\/div>\n<div class=\"o9v6fnle cxmmr5t8 oygrvhab hcukyx3x c1et5uql ii04i59q\">\n<div dir=\"auto\"><span class=\"pq6dq46d tbxw36s4 knj5qynh kvgmc6g5 ditlmg2l oygrvhab nvdbi5me sf5mxxl7 gl3lb2sf hhz5lgdu\"><img loading=\"lazy\" decoding=\"async\" src=\"https:\/\/static.xx.fbcdn.net\/images\/emoji.php\/v9\/t67\/1\/16\/1f692.png\" alt=\"&#x1f692;\" width=\"16\" height=\"16\" \/><\/span> Ortsfeuerwehr Innenstadt als Fz86<\/div>\n<div dir=\"auto\"><\/div>\n<\/div>\n<div class=\"o9v6fnle cxmmr5t8 oygrvhab hcukyx3x c1et5uql ii04i59q\">\n<div dir=\"auto\"><span class=\"pq6dq46d tbxw36s4 knj5qynh kvgmc6g5 ditlmg2l oygrvhab nvdbi5me sf5mxxl7 gl3lb2sf hhz5lgdu\"><img loading=\"lazy\" decoding=\"async\" src=\"https:\/\/static.xx.fbcdn.net\/images\/emoji.php\/v9\/t67\/1\/16\/1f692.png\" alt=\"&#x1f692;\" width=\"16\" height=\"16\" \/><\/span> Verpflegungszug Fz89<\/div>\n<div dir=\"auto\"><\/div>\n<\/div>\n<div class=\"o9v6fnle cxmmr5t8 oygrvhab hcukyx3x c1et5uql ii04i59q\">\n<div dir=\"auto\"><span class=\"pq6dq46d tbxw36s4 knj5qynh kvgmc6g5 ditlmg2l oygrvhab nvdbi5me sf5mxxl7 gl3lb2sf hhz5lgdu\"><img loading=\"lazy\" decoding=\"async\" src=\"https:\/\/static.xx.fbcdn.net\/images\/emoji.php\/v9\/t97\/1\/16\/1f69b.png\" alt=\"&#x1f69b;\" width=\"16\" height=\"16\" \/><\/span> THW Braunschweig<\/div>\n<div dir=\"auto\"><\/div>\n<\/div>\n<div class=\"o9v6fnle cxmmr5t8 oygrvhab hcukyx3x c1et5uql ii04i59q\">\n<div dir=\"auto\"><span class=\"pq6dq46d tbxw36s4 knj5qynh kvgmc6g5 ditlmg2l oygrvhab nvdbi5me sf5mxxl7 gl3lb2sf hhz5lgdu\"><img loading=\"lazy\" decoding=\"async\" src=\"https:\/\/static.xx.fbcdn.net\/images\/emoji.php\/v9\/te8\/1\/16\/1f693.png\" alt=\"&#x1f693;\" width=\"16\" height=\"16\" \/><\/span> Polizei Braunschweig<\/div>\n<div dir=\"auto\"><\/div>\n<\/div>\n<div class=\"o9v6fnle cxmmr5t8 oygrvhab hcukyx3x c1et5uql ii04i59q\">\n<div dir=\"auto\">(Symbolbild)<\/div>\n<div dir=\"auto\"><\/div>\n<\/div>\n<div class=\"o9v6fnle cxmmr5t8 oygrvhab hcukyx3x c1et5uql ii04i59q\">\n<div dir=\"auto\">\u00d7 Gef\u00e4llt Mir Angaben dienen lediglich der Berichterstattung \u00d7<\/div>\n<div dir=\"auto\"><\/div>\n<\/div>\n<div dir=\"auto\">Einen ausf\u00fchrlichen Bericht findet Ihr<\/div>\n<div dir=\"auto\"><a href=\"https:\/\/fb.watch\/6s4d0D0O8M\/\" target=\"_blank\" rel=\"noopener\">hier<\/a><\/div>\n<div dir=\"auto\"><a href=\"https:\/\/regionalheute.de\/braunschweig\/flammeninferno-am-schwarzen-berg-corona-testzentrum-brennt-aus-braunschweig-1624775808\/?fbclid=IwAR2azHXKGXZXBV9rucRzY2Sl8f0xADOP7qSIKWbt_xtk06fCRGXYhEjtW7A\" target=\"_blank\" rel=\"noopener\">hier<\/a><\/div>\n<div class=\"o9v6fnle cxmmr5t8 oygrvhab hcukyx3x c1et5uql ii04i59q\">\n<div dir=\"auto\"><\/div>\n<\/div>\n","protected":false},"author":3,"featured_media":49807,"template":"","meta":{"_monsterinsights_skip_tracking":false,"spay_email":"","einsatz_weight":1,"footnotes":"","jetpack_publicize_message":"","jetpack_is_tweetstorm":false,"jetpack_publicize_feature_enabled":true},"categories":[54],"tags":[167,51,145],"einsatzart":[],"fahrzeug":[],"exteinsatzmittel":[],"alarmierungsart":[165,62],"evw_unit":[],"class_list":["post-49812","einsatz","type-einsatz","status-publish","has-post-thumbnail","hentry","category-einsaetze","tag-f4","tag-feuer","tag-verdaechtiger-rauch","alarmierungsart-divera24-7","alarmierungsart-dme"],"aioseo_notices":[],"aioseo_head":"\n\t\t<!-- All in One SEO 5.0.0.1 - aioseo.com -->\n\t<meta name=\"description\" content=\"Einsatz 13\/21 27.06.2021 01:35 Uhr Ortslage Schwarzer Berg F4 - Verd\u00e4chtiger Rauch Ortsfeuerwehr Volkmarode als Bestandteil des Lz83 mit: Ortsfeuerwehr Hondelage Ortsfeuerwehr Querum Berufsfeuerwehr Braunschweig Fachzug IuK Ortsfeuerwehr Innenstadt als Fz86 Verpflegungszug Fz89 THW Braunschweig Polizei Braunschweig (Symbolbild) \u00d7 Gef\u00e4llt Mir Angaben dienen lediglich der Berichterstattung \u00d7 Einen ausf\u00fchrlichen Bericht findet Ihr hier hier\" \/>\n\t<meta name=\"robots\" content=\"max-image-preview:large\" \/>\n\t<meta name=\"author\" content=\"Claa\u00dfen\"\/>\n\t<link rel=\"canonical\" href=\"https:\/\/www.feuerwehr-volkmarode.de\/?einsatz=f4-verdaechtiger-rauch\" \/>\n\t<meta name=\"generator\" content=\"All in One SEO (AIOSEO) 5.0.0.1\" \/>\n\t\t<meta property=\"og:locale\" content=\"de_DE\" \/>\n\t\t<meta property=\"og:site_name\" content=\"Freiwillige Feuerwehr Volkmarode - #OF33\" \/>\n\t\t<meta property=\"og:type\" content=\"article\" \/>\n\t\t<meta property=\"og:title\" content=\"F4 \u2013 Verd\u00e4chtiger Rauch - Freiwillige Feuerwehr Volkmarode\" \/>\n\t\t<meta property=\"og:description\" content=\"Einsatz 13\/21 27.06.2021 01:35 Uhr Ortslage Schwarzer Berg F4 - Verd\u00e4chtiger Rauch Ortsfeuerwehr Volkmarode als Bestandteil des Lz83 mit: Ortsfeuerwehr Hondelage Ortsfeuerwehr Querum Berufsfeuerwehr Braunschweig Fachzug IuK Ortsfeuerwehr Innenstadt als Fz86 Verpflegungszug Fz89 THW Braunschweig Polizei Braunschweig (Symbolbild) \u00d7 Gef\u00e4llt Mir Angaben dienen lediglich der Berichterstattung \u00d7 Einen ausf\u00fchrlichen Bericht findet Ihr hier hier\" \/>\n\t\t<meta property=\"og:url\" content=\"https:\/\/www.feuerwehr-volkmarode.de\/?einsatz=f4-verdaechtiger-rauch\" \/>\n\t\t<meta property=\"article:published_time\" content=\"2021-06-26T23:35:00+00:00\" \/>\n\t\t<meta property=\"article:modified_time\" content=\"2021-06-30T11:41:18+00:00\" \/>\n\t\t<meta name=\"twitter:card\" content=\"summary_large_image\" \/>\n\t\t<meta name=\"twitter:title\" content=\"F4 \u2013 Verd\u00e4chtiger Rauch - Freiwillige Feuerwehr Volkmarode\" \/>\n\t\t<meta name=\"twitter:description\" content=\"Einsatz 13\/21 27.06.2021 01:35 Uhr Ortslage Schwarzer Berg F4 - Verd\u00e4chtiger Rauch Ortsfeuerwehr Volkmarode als Bestandteil des Lz83 mit: Ortsfeuerwehr Hondelage Ortsfeuerwehr Querum Berufsfeuerwehr Braunschweig Fachzug IuK Ortsfeuerwehr Innenstadt als Fz86 Verpflegungszug Fz89 THW Braunschweig Polizei Braunschweig (Symbolbild) \u00d7 Gef\u00e4llt Mir Angaben dienen lediglich der Berichterstattung \u00d7 Einen ausf\u00fchrlichen Bericht findet Ihr hier hier\" \/>\n\t\t<script type=\"application\/ld+json\" class=\"aioseo-schema\">\n\t\t\t{\"@context\":\"https:\\\/\\\/schema.org\",\"@graph\":[{\"@type\":\"BreadcrumbList\",\"@id\":\"https:\\\/\\\/www.feuerwehr-volkmarode.de\\\/?einsatz=f4-verdaechtiger-rauch#breadcrumblist\",\"itemListElement\":[{\"@type\":\"ListItem\",\"@id\":\"https:\\\/\\\/www.feuerwehr-volkmarode.de#listItem\",\"position\":1,\"name\":\"Home\",\"item\":\"https:\\\/\\\/www.feuerwehr-volkmarode.de\",\"nextItem\":{\"@type\":\"ListItem\",\"@id\":\"https:\\\/\\\/www.feuerwehr-volkmarode.de\\\/?post_type=einsatz#listItem\",\"name\":\"Einsatzberichte\"}},{\"@type\":\"ListItem\",\"@id\":\"https:\\\/\\\/www.feuerwehr-volkmarode.de\\\/?post_type=einsatz#listItem\",\"position\":2,\"name\":\"Einsatzberichte\",\"item\":\"https:\\\/\\\/www.feuerwehr-volkmarode.de\\\/?post_type=einsatz\",\"nextItem\":{\"@type\":\"ListItem\",\"@id\":\"https:\\\/\\\/www.feuerwehr-volkmarode.de\\\/?cat=54#listItem\",\"name\":\"Eins\\u00e4tze\"},\"previousItem\":{\"@type\":\"ListItem\",\"@id\":\"https:\\\/\\\/www.feuerwehr-volkmarode.de#listItem\",\"name\":\"Home\"}},{\"@type\":\"ListItem\",\"@id\":\"https:\\\/\\\/www.feuerwehr-volkmarode.de\\\/?cat=54#listItem\",\"position\":3,\"name\":\"Eins\\u00e4tze\",\"item\":\"https:\\\/\\\/www.feuerwehr-volkmarode.de\\\/?cat=54\",\"nextItem\":{\"@type\":\"ListItem\",\"@id\":\"https:\\\/\\\/www.feuerwehr-volkmarode.de\\\/?einsatz=f4-verdaechtiger-rauch#listItem\",\"name\":\"F4 &#8211; Verd\\u00e4chtiger Rauch\"},\"previousItem\":{\"@type\":\"ListItem\",\"@id\":\"https:\\\/\\\/www.feuerwehr-volkmarode.de\\\/?post_type=einsatz#listItem\",\"name\":\"Einsatzberichte\"}},{\"@type\":\"ListItem\",\"@id\":\"https:\\\/\\\/www.feuerwehr-volkmarode.de\\\/?einsatz=f4-verdaechtiger-rauch#listItem\",\"position\":4,\"name\":\"F4 &#8211; Verd\\u00e4chtiger Rauch\",\"previousItem\":{\"@type\":\"ListItem\",\"@id\":\"https:\\\/\\\/www.feuerwehr-volkmarode.de\\\/?cat=54#listItem\",\"name\":\"Eins\\u00e4tze\"}}]},{\"@type\":\"Organization\",\"@id\":\"https:\\\/\\\/www.feuerwehr-volkmarode.de\\\/#organization\",\"name\":\"Freiwillige Feuerwehr Volkmarode\",\"description\":\"#OF33\",\"url\":\"https:\\\/\\\/www.feuerwehr-volkmarode.de\\\/\"},{\"@type\":\"Person\",\"@id\":\"https:\\\/\\\/www.feuerwehr-volkmarode.de\\\/?author=3#author\",\"url\":\"https:\\\/\\\/www.feuerwehr-volkmarode.de\\\/?author=3\",\"name\":\"Claa\\u00dfen\"},{\"@type\":\"WebPage\",\"@id\":\"https:\\\/\\\/www.feuerwehr-volkmarode.de\\\/?einsatz=f4-verdaechtiger-rauch#webpage\",\"url\":\"https:\\\/\\\/www.feuerwehr-volkmarode.de\\\/?einsatz=f4-verdaechtiger-rauch\",\"name\":\"F4 \\u2013 Verd\\u00e4chtiger Rauch - Freiwillige Feuerwehr Volkmarode\",\"description\":\"Einsatz 13\\\/21 27.06.2021 01:35 Uhr Ortslage Schwarzer Berg F4 - Verd\\u00e4chtiger Rauch Ortsfeuerwehr Volkmarode als Bestandteil des Lz83 mit: Ortsfeuerwehr Hondelage Ortsfeuerwehr Querum Berufsfeuerwehr Braunschweig Fachzug IuK Ortsfeuerwehr Innenstadt als Fz86 Verpflegungszug Fz89 THW Braunschweig Polizei Braunschweig (Symbolbild) \\u00d7 Gef\\u00e4llt Mir Angaben dienen lediglich der Berichterstattung \\u00d7 Einen ausf\\u00fchrlichen Bericht findet Ihr hier hier\",\"inLanguage\":\"de-DE\",\"isPartOf\":{\"@id\":\"https:\\\/\\\/www.feuerwehr-volkmarode.de\\\/#website\"},\"breadcrumb\":{\"@id\":\"https:\\\/\\\/www.feuerwehr-volkmarode.de\\\/?einsatz=f4-verdaechtiger-rauch#breadcrumblist\"},\"author\":{\"@id\":\"https:\\\/\\\/www.feuerwehr-volkmarode.de\\\/?author=3#author\"},\"creator\":{\"@id\":\"https:\\\/\\\/www.feuerwehr-volkmarode.de\\\/?author=3#author\"},\"image\":{\"@type\":\"ImageObject\",\"url\":\"https:\\\/\\\/www.feuerwehr-volkmarode.de\\\/wp-content\\\/uploads\\\/2021\\\/06\\\/FB201236-CB5C-4289-AAE1-A32B630D799E-e1625052772710.jpg\",\"@id\":\"https:\\\/\\\/www.feuerwehr-volkmarode.de\\\/?einsatz=f4-verdaechtiger-rauch\\\/#mainImage\",\"width\":350,\"height\":350},\"primaryImageOfPage\":{\"@id\":\"https:\\\/\\\/www.feuerwehr-volkmarode.de\\\/?einsatz=f4-verdaechtiger-rauch#mainImage\"},\"datePublished\":\"2021-06-27T01:35:00+02:00\",\"dateModified\":\"2021-06-30T13:41:18+02:00\"},{\"@type\":\"WebSite\",\"@id\":\"https:\\\/\\\/www.feuerwehr-volkmarode.de\\\/#website\",\"url\":\"https:\\\/\\\/www.feuerwehr-volkmarode.de\\\/\",\"name\":\"Freiwillige Feuerwehr Volkmarode\",\"description\":\"#OF33\",\"inLanguage\":\"de-DE\",\"publisher\":{\"@id\":\"https:\\\/\\\/www.feuerwehr-volkmarode.de\\\/#organization\"}}]}\n\t\t<\/script>\n\t\t<!-- All in One SEO -->\n\n","aioseo_head_json":{"title":"F4 \u2013 Verd\u00e4chtiger Rauch - Freiwillige Feuerwehr Volkmarode","description":"Einsatz 13\/21 27.06.2021 01:35 Uhr Ortslage Schwarzer Berg F4 - Verd\u00e4chtiger Rauch Ortsfeuerwehr Volkmarode als Bestandteil des Lz83 mit: Ortsfeuerwehr Hondelage Ortsfeuerwehr Querum Berufsfeuerwehr Braunschweig Fachzug IuK Ortsfeuerwehr Innenstadt als Fz86 Verpflegungszug Fz89 THW Braunschweig Polizei Braunschweig (Symbolbild) \u00d7 Gef\u00e4llt Mir Angaben dienen lediglich der Berichterstattung \u00d7 Einen ausf\u00fchrlichen Bericht findet Ihr hier hier","canonical_url":"https:\/\/www.feuerwehr-volkmarode.de\/?einsatz=f4-verdaechtiger-rauch","robots":"max-image-preview:large","keywords":"","webmasterTools":{"miscellaneous":""},"schema":{"@context":"https:\/\/schema.org","@graph":[{"@type":"BreadcrumbList","@id":"https:\/\/www.feuerwehr-volkmarode.de\/?einsatz=f4-verdaechtiger-rauch#breadcrumblist","itemListElement":[{"@type":"ListItem","@id":"https:\/\/www.feuerwehr-volkmarode.de#listItem","position":1,"name":"Home","item":"https:\/\/www.feuerwehr-volkmarode.de","nextItem":{"@type":"ListItem","@id":"https:\/\/www.feuerwehr-volkmarode.de\/?post_type=einsatz#listItem","name":"Einsatzberichte"}},{"@type":"ListItem","@id":"https:\/\/www.feuerwehr-volkmarode.de\/?post_type=einsatz#listItem","position":2,"name":"Einsatzberichte","item":"https:\/\/www.feuerwehr-volkmarode.de\/?post_type=einsatz","nextItem":{"@type":"ListItem","@id":"https:\/\/www.feuerwehr-volkmarode.de\/?cat=54#listItem","name":"Eins\u00e4tze"},"previousItem":{"@type":"ListItem","@id":"https:\/\/www.feuerwehr-volkmarode.de#listItem","name":"Home"}},{"@type":"ListItem","@id":"https:\/\/www.feuerwehr-volkmarode.de\/?cat=54#listItem","position":3,"name":"Eins\u00e4tze","item":"https:\/\/www.feuerwehr-volkmarode.de\/?cat=54","nextItem":{"@type":"ListItem","@id":"https:\/\/www.feuerwehr-volkmarode.de\/?einsatz=f4-verdaechtiger-rauch#listItem","name":"F4 &#8211; Verd\u00e4chtiger Rauch"},"previousItem":{"@type":"ListItem","@id":"https:\/\/www.feuerwehr-volkmarode.de\/?post_type=einsatz#listItem","name":"Einsatzberichte"}},{"@type":"ListItem","@id":"https:\/\/www.feuerwehr-volkmarode.de\/?einsatz=f4-verdaechtiger-rauch#listItem","position":4,"name":"F4 &#8211; Verd\u00e4chtiger Rauch","previousItem":{"@type":"ListItem","@id":"https:\/\/www.feuerwehr-volkmarode.de\/?cat=54#listItem","name":"Eins\u00e4tze"}}]},{"@type":"Organization","@id":"https:\/\/www.feuerwehr-volkmarode.de\/#organization","name":"Freiwillige Feuerwehr Volkmarode","description":"#OF33","url":"https:\/\/www.feuerwehr-volkmarode.de\/"},{"@type":"Person","@id":"https:\/\/www.feuerwehr-volkmarode.de\/?author=3#author","url":"https:\/\/www.feuerwehr-volkmarode.de\/?author=3","name":"Claa\u00dfen"},{"@type":"WebPage","@id":"https:\/\/www.feuerwehr-volkmarode.de\/?einsatz=f4-verdaechtiger-rauch#webpage","url":"https:\/\/www.feuerwehr-volkmarode.de\/?einsatz=f4-verdaechtiger-rauch","name":"F4 \u2013 Verd\u00e4chtiger Rauch - Freiwillige Feuerwehr Volkmarode","description":"Einsatz 13\/21 27.06.2021 01:35 Uhr Ortslage Schwarzer Berg F4 - Verd\u00e4chtiger Rauch Ortsfeuerwehr Volkmarode als Bestandteil des Lz83 mit: Ortsfeuerwehr Hondelage Ortsfeuerwehr Querum Berufsfeuerwehr Braunschweig Fachzug IuK Ortsfeuerwehr Innenstadt als Fz86 Verpflegungszug Fz89 THW Braunschweig Polizei Braunschweig (Symbolbild) \u00d7 Gef\u00e4llt Mir Angaben dienen lediglich der Berichterstattung \u00d7 Einen ausf\u00fchrlichen Bericht findet Ihr hier hier","inLanguage":"de-DE","isPartOf":{"@id":"https:\/\/www.feuerwehr-volkmarode.de\/#website"},"breadcrumb":{"@id":"https:\/\/www.feuerwehr-volkmarode.de\/?einsatz=f4-verdaechtiger-rauch#breadcrumblist"},"author":{"@id":"https:\/\/www.feuerwehr-volkmarode.de\/?author=3#author"},"creator":{"@id":"https:\/\/www.feuerwehr-volkmarode.de\/?author=3#author"},"image":{"@type":"ImageObject","url":"https:\/\/www.feuerwehr-volkmarode.de\/wp-content\/uploads\/2021\/06\/FB201236-CB5C-4289-AAE1-A32B630D799E-e1625052772710.jpg","@id":"https:\/\/www.feuerwehr-volkmarode.de\/?einsatz=f4-verdaechtiger-rauch\/#mainImage","width":350,"height":350},"primaryImageOfPage":{"@id":"https:\/\/www.feuerwehr-volkmarode.de\/?einsatz=f4-verdaechtiger-rauch#mainImage"},"datePublished":"2021-06-27T01:35:00+02:00","dateModified":"2021-06-30T13:41:18+02:00"},{"@type":"WebSite","@id":"https:\/\/www.feuerwehr-volkmarode.de\/#website","url":"https:\/\/www.feuerwehr-volkmarode.de\/","name":"Freiwillige Feuerwehr Volkmarode","description":"#OF33","inLanguage":"de-DE","publisher":{"@id":"https:\/\/www.feuerwehr-volkmarode.de\/#organization"}}]},"og:locale":"de_DE","og:site_name":"Freiwillige Feuerwehr Volkmarode - #OF33","og:type":"article","og:title":"F4 \u2013 Verd\u00e4chtiger Rauch - Freiwillige Feuerwehr Volkmarode","og:description":"Einsatz 13\/21 27.06.2021 01:35 Uhr Ortslage Schwarzer Berg F4 - Verd\u00e4chtiger Rauch Ortsfeuerwehr Volkmarode als Bestandteil des Lz83 mit: Ortsfeuerwehr Hondelage Ortsfeuerwehr Querum Berufsfeuerwehr Braunschweig Fachzug IuK Ortsfeuerwehr Innenstadt als Fz86 Verpflegungszug Fz89 THW Braunschweig Polizei Braunschweig (Symbolbild) \u00d7 Gef\u00e4llt Mir Angaben dienen lediglich der Berichterstattung \u00d7 Einen ausf\u00fchrlichen Bericht findet Ihr hier hier","og:url":"https:\/\/www.feuerwehr-volkmarode.de\/?einsatz=f4-verdaechtiger-rauch","article:published_time":"2021-06-26T23:35:00+00:00","article:modified_time":"2021-06-30T11:41:18+00:00","twitter:card":"summary_large_image","twitter:title":"F4 \u2013 Verd\u00e4chtiger Rauch - Freiwillige Feuerwehr Volkmarode","twitter:description":"Einsatz 13\/21 27.06.2021 01:35 Uhr Ortslage Schwarzer Berg F4 - Verd\u00e4chtiger Rauch Ortsfeuerwehr Volkmarode als Bestandteil des Lz83 mit: Ortsfeuerwehr Hondelage Ortsfeuerwehr Querum Berufsfeuerwehr Braunschweig Fachzug IuK Ortsfeuerwehr Innenstadt als Fz86 Verpflegungszug Fz89 THW Braunschweig Polizei Braunschweig (Symbolbild) \u00d7 Gef\u00e4llt Mir Angaben dienen lediglich der Berichterstattung \u00d7 Einen ausf\u00fchrlichen Bericht findet Ihr hier hier"},"aioseo_meta_data":{"post_id":"49812","title":null,"description":null,"keywords":null,"keyphrases":null,"primary_term":null,"canonical_url":null,"og_title":null,"og_description":null,"og_object_type":"default","og_image_type":"default","og_image_url":null,"og_image_width":null,"og_image_height":null,"og_image_custom_url":null,"og_image_custom_fields":null,"og_video":null,"og_custom_url":null,"og_article_section":null,"og_article_tags":null,"twitter_use_og":false,"twitter_card":"default","twitter_image_type":"default","twitter_image_url":null,"twitter_image_custom_url":null,"twitter_image_custom_fields":null,"twitter_title":null,"twitter_description":null,"schema":{"blockGraphs":[],"customGraphs":[],"default":{"data":{"Article":[],"Course":[],"Dataset":[],"FAQPage":[],"Movie":[],"Person":[],"Product":[],"ProductReview":[],"Car":[],"Recipe":[],"Service":[],"SoftwareApplication":[],"WebPage":[]},"graphName":"","isEnabled":true},"graphs":[]},"schema_type":"default","schema_type_options":null,"pillar_content":false,"robots_default":true,"robots_noindex":false,"robots_noarchive":false,"robots_nosnippet":false,"robots_nofollow":false,"robots_noimageindex":false,"robots_noodp":false,"robots_notranslate":false,"robots_max_snippet":null,"robots_max_videopreview":null,"robots_max_imagepreview":"large","priority":null,"frequency":null,"local_seo":null,"breadcrumb_settings":null,"limit_modified_date":false,"ai":null,"created":"2025-11-19 17:49:32","updated":"2025-11-19 17:49:32","focus_keyword":null,"additional_keywords":null,"truseo_locale":null,"seo_analyzer_scan_date":null},"aioseo_breadcrumb":"<div class=\"aioseo-breadcrumbs\"><span class=\"aioseo-breadcrumb\">\n\t\t\t<a href=\"https:\/\/www.feuerwehr-volkmarode.de\" title=\"Home\">Home<\/a>\n\t\t<\/span><span class=\"aioseo-breadcrumb-separator\">&raquo;<\/span><span class=\"aioseo-breadcrumb\">\n\t\t\t<a href=\"https:\/\/www.feuerwehr-volkmarode.de\/?post_type=einsatz\" title=\"Einsatzberichte\">Einsatzberichte<\/a>\n\t\t<\/span><span class=\"aioseo-breadcrumb-separator\">&raquo;<\/span><span class=\"aioseo-breadcrumb\">\n\t\t\t<a href=\"https:\/\/www.feuerwehr-volkmarode.de\/?cat=54\" title=\"Eins\u00e4tze\">Eins\u00e4tze<\/a>\n\t\t<\/span><span class=\"aioseo-breadcrumb-separator\">&raquo;<\/span><span class=\"aioseo-breadcrumb\">\n\t\t\tF4 \u2013 Verd\u00e4chtiger Rauch\n\t\t<\/span><\/div>","aioseo_breadcrumb_json":[{"label":"Home","link":"https:\/\/www.feuerwehr-volkmarode.de"},{"label":"Einsatzberichte","link":"https:\/\/www.feuerwehr-volkmarode.de\/?post_type=einsatz"},{"label":"Eins\u00e4tze","link":"https:\/\/www.feuerwehr-volkmarode.de\/?cat=54"},{"label":"F4 &#8211; Verd\u00e4chtiger Rauch","link":"https:\/\/www.feuerwehr-volkmarode.de\/?einsatz=f4-verdaechtiger-rauch"}],"jetpack_publicize_connections":[],"jetpack_sharing_enabled":true,"_links":{"self":[{"href":"https:\/\/www.feuerwehr-volkmarode.de\/index.php?rest_route=\/wp\/v2\/einsatz\/49812","targetHints":{"allow":["GET"]}}],"collection":[{"href":"https:\/\/www.feuerwehr-volkmarode.de\/index.php?rest_route=\/wp\/v2\/einsatz"}],"about":[{"href":"https:\/\/www.feuerwehr-volkmarode.de\/index.php?rest_route=\/wp\/v2\/types\/einsatz"}],"author":[{"embeddable":true,"href":"https:\/\/www.feuerwehr-volkmarode.de\/index.php?rest_route=\/wp\/v2\/users\/3"}],"version-history":[{"count":3,"href":"https:\/\/www.feuerwehr-volkmarode.de\/index.php?rest_route=\/wp\/v2\/einsatz\/49812\/revisions"}],"predecessor-version":[{"id":49815,"href":"https:\/\/www.feuerwehr-volkmarode.de\/index.php?rest_route=\/wp\/v2\/einsatz\/49812\/revisions\/49815"}],"wp:featuredmedia":[{"embeddable":true,"href":"https:\/\/www.feuerwehr-volkmarode.de\/index.php?rest_route=\/wp\/v2\/media\/49807"}],"wp:attachment":[{"href":"https:\/\/www.feuerwehr-volkmarode.de\/index.php?rest_route=%2Fwp%2Fv2%2Fmedia&parent=49812"}],"wp:term":[{"taxonomy":"category","embeddable":true,"href":"https:\/\/www.feuerwehr-volkmarode.de\/index.php?rest_route=%2Fwp%2Fv2%2Fcategories&post=49812"},{"taxonomy":"post_tag","embeddable":true,"href":"https:\/\/www.feuerwehr-volkmarode.de\/index.php?rest_route=%2Fwp%2Fv2%2Ftags&post=49812"},{"taxonomy":"einsatzart","embeddable":true,"href":"https:\/\/www.feuerwehr-volkmarode.de\/index.php?rest_route=%2Fwp%2Fv2%2Feinsatzart&post=49812"},{"taxonomy":"fahrzeug","embeddable":true,"href":"https:\/\/www.feuerwehr-volkmarode.de\/index.php?rest_route=%2Fwp%2Fv2%2Ffahrzeug&post=49812"},{"taxonomy":"exteinsatzmittel","embeddable":true,"href":"https:\/\/www.feuerwehr-volkmarode.de\/index.php?rest_route=%2Fwp%2Fv2%2Fexteinsatzmittel&post=49812"},{"taxonomy":"alarmierungsart","embeddable":true,"href":"https:\/\/www.feuerwehr-volkmarode.de\/index.php?rest_route=%2Fwp%2Fv2%2Falarmierungsart&post=49812"},{"taxonomy":"evw_unit","embeddable":true,"href":"https:\/\/www.feuerwehr-volkmarode.de\/index.php?rest_route=%2Fwp%2Fv2%2Fevw_unit&post=49812"}],"curies":[{"name":"wp","href":"https:\/\/api.w.org\/{rel}","templated":true}]}}