{"id":49621,"date":"2021-03-26T23:04:00","date_gmt":"2021-03-26T22:04:00","guid":{"rendered":"https:\/\/www.feuerwehr-volkmarode.de\/?post_type=einsatz&#038;p=49621"},"modified":"2021-03-31T07:37:08","modified_gmt":"2021-03-31T05:37:08","slug":"f1-container-brennt","status":"publish","type":"einsatz","link":"https:\/\/www.feuerwehr-volkmarode.de\/?einsatz=f1-container-brennt","title":{"rendered":"F1- Container brennt"},"content":{"rendered":"\n<p class=\"wp-block-paragraph\"><img loading=\"lazy\" decoding=\"async\" height=\"16\" width=\"16\" alt=\"&#x1f4df;\" src=\"https:\/\/static.xx.fbcdn.net\/images\/emoji.php\/v9\/t27\/1.5\/16\/1f4df.png\"> Einsatz 06\/21 <br><img loading=\"lazy\" decoding=\"async\" height=\"16\" width=\"16\" alt=\"&#x1f5d3;\" src=\"https:\/\/static.xx.fbcdn.net\/images\/emoji.php\/v9\/tb5\/1.5\/16\/1f5d3.png\"> 26.03.2021<br><img loading=\"lazy\" decoding=\"async\" height=\"16\" width=\"16\" alt=\"&#x23f0;\" src=\"https:\/\/static.xx.fbcdn.net\/images\/emoji.php\/v9\/tbb\/1.5\/16\/23f0.png\"> 23:04 Uhr <br><img loading=\"lazy\" decoding=\"async\" height=\"16\" width=\"16\" alt=\"&#x1f4cd;\" src=\"https:\/\/static.xx.fbcdn.net\/images\/emoji.php\/v9\/t86\/1.5\/16\/1f4cd.png\"> Ortslage Volkmarode <br><img loading=\"lazy\" decoding=\"async\" height=\"16\" width=\"16\" alt=\"&#x1f525;\" src=\"https:\/\/static.xx.fbcdn.net\/images\/emoji.php\/v9\/ta9\/1.5\/16\/1f525.png\"> F1 &#8211; Brennender Container<br><img loading=\"lazy\" decoding=\"async\" height=\"16\" width=\"16\" alt=\"&#x1f692;\" src=\"https:\/\/static.xx.fbcdn.net\/images\/emoji.php\/v9\/tc0\/1.5\/16\/1f692.png\"> Ortsfeuerwehr Volkmarode<br><img loading=\"lazy\" decoding=\"async\" height=\"16\" width=\"16\" alt=\"&#x1f693;\" src=\"https:\/\/static.xx.fbcdn.net\/images\/emoji.php\/v9\/t41\/1.5\/16\/1f693.png\"> Polizei Braunschweig<\/p>\n\n\n\n<p class=\"wp-block-paragraph\"> \u00d7 Gef\u00e4llt Mir Angaben dienen lediglich der Berichterstattung \u00d7<\/p>\n\n\n\n<p class=\"wp-block-paragraph\">\u00a0<a href=\"https:\/\/www.facebook.com\/hashtag\/ffw?__eep__=6&amp;__cft__[0]=AZXwau4Z51oDwAJwRjVwOfb_qYQOoQecGUEw2DPmOD9GqFnq3HDOvCkG8BYbEeLgwnuhwVb-2N6JL8O8lIIalqEbF3IrRYizAEusSc0k_VRNY_b-bSg681y7_Z11OeMo8saGw0M9lCqxMWYco5THCVKLvMvyA0CcYl-jSseWyTt0pg_gvCEzJhVS2au5XzI_smk&amp;__tn__=*NK-R\" target=\"_blank\" rel=\"noreferrer noopener\">#ffw <\/a><a href=\"https:\/\/www.facebook.com\/hashtag\/freiwilligefeuerwehr?__eep__=6&amp;__cft__[0]=AZXwau4Z51oDwAJwRjVwOfb_qYQOoQecGUEw2DPmOD9GqFnq3HDOvCkG8BYbEeLgwnuhwVb-2N6JL8O8lIIalqEbF3IrRYizAEusSc0k_VRNY_b-bSg681y7_Z11OeMo8saGw0M9lCqxMWYco5THCVKLvMvyA0CcYl-jSseWyTt0pg_gvCEzJhVS2au5XzI_smk&amp;__tn__=*NK-R\" target=\"_blank\" rel=\"noreferrer noopener\">#freiwilligefeuerwehr<\/a><a href=\"https:\/\/www.facebook.com\/hashtag\/freiwilligefeuerwehrvolkmarode?__eep__=6&amp;__cft__[0]=AZXwau4Z51oDwAJwRjVwOfb_qYQOoQecGUEw2DPmOD9GqFnq3HDOvCkG8BYbEeLgwnuhwVb-2N6JL8O8lIIalqEbF3IrRYizAEusSc0k_VRNY_b-bSg681y7_Z11OeMo8saGw0M9lCqxMWYco5THCVKLvMvyA0CcYl-jSseWyTt0pg_gvCEzJhVS2au5XzI_smk&amp;__tn__=*NK-R\" target=\"_blank\" rel=\"noreferrer noopener\"> #freiwilligefeuerwehrvolkmarode<\/a><a href=\"https:\/\/www.facebook.com\/hashtag\/ffwvolkmarode?__eep__=6&amp;__cft__[0]=AZXwau4Z51oDwAJwRjVwOfb_qYQOoQecGUEw2DPmOD9GqFnq3HDOvCkG8BYbEeLgwnuhwVb-2N6JL8O8lIIalqEbF3IrRYizAEusSc0k_VRNY_b-bSg681y7_Z11OeMo8saGw0M9lCqxMWYco5THCVKLvMvyA0CcYl-jSseWyTt0pg_gvCEzJhVS2au5XzI_smk&amp;__tn__=*NK-R\" target=\"_blank\" rel=\"noreferrer noopener\"> #ffwvolkmarode <\/a><a href=\"https:\/\/www.facebook.com\/hashtag\/ehrenamt?__eep__=6&amp;__cft__[0]=AZXwau4Z51oDwAJwRjVwOfb_qYQOoQecGUEw2DPmOD9GqFnq3HDOvCkG8BYbEeLgwnuhwVb-2N6JL8O8lIIalqEbF3IrRYizAEusSc0k_VRNY_b-bSg681y7_Z11OeMo8saGw0M9lCqxMWYco5THCVKLvMvyA0CcYl-jSseWyTt0pg_gvCEzJhVS2au5XzI_smk&amp;__tn__=*NK-R\" target=\"_blank\" rel=\"noreferrer noopener\">#ehrenamt <\/a><a href=\"https:\/\/www.facebook.com\/hashtag\/leidenschaft?__eep__=6&amp;__cft__[0]=AZXwau4Z51oDwAJwRjVwOfb_qYQOoQecGUEw2DPmOD9GqFnq3HDOvCkG8BYbEeLgwnuhwVb-2N6JL8O8lIIalqEbF3IrRYizAEusSc0k_VRNY_b-bSg681y7_Z11OeMo8saGw0M9lCqxMWYco5THCVKLvMvyA0CcYl-jSseWyTt0pg_gvCEzJhVS2au5XzI_smk&amp;__tn__=*NK-R\" target=\"_blank\" rel=\"noreferrer noopener\">#leidenschaft<\/a><\/p>\n\n\n\n<p class=\"wp-block-paragraph\"><a rel=\"noreferrer noopener\" href=\"https:\/\/www.facebook.com\/hashtag\/blaulicht?__eep__=6&amp;__cft__[0]=AZXwau4Z51oDwAJwRjVwOfb_qYQOoQecGUEw2DPmOD9GqFnq3HDOvCkG8BYbEeLgwnuhwVb-2N6JL8O8lIIalqEbF3IrRYizAEusSc0k_VRNY_b-bSg681y7_Z11OeMo8saGw0M9lCqxMWYco5THCVKLvMvyA0CcYl-jSseWyTt0pg_gvCEzJhVS2au5XzI_smk&amp;__tn__=*NK-R\" target=\"_blank\">#blaulicht<\/a><a rel=\"noreferrer noopener\" href=\"https:\/\/www.facebook.com\/hashtag\/einsatz?__eep__=6&amp;__cft__[0]=AZXwau4Z51oDwAJwRjVwOfb_qYQOoQecGUEw2DPmOD9GqFnq3HDOvCkG8BYbEeLgwnuhwVb-2N6JL8O8lIIalqEbF3IrRYizAEusSc0k_VRNY_b-bSg681y7_Z11OeMo8saGw0M9lCqxMWYco5THCVKLvMvyA0CcYl-jSseWyTt0pg_gvCEzJhVS2au5XzI_smk&amp;__tn__=*NK-R\" target=\"_blank\"> #einsatz<\/a><a rel=\"noreferrer noopener\" href=\"https:\/\/www.facebook.com\/hashtag\/feuerwehrbraunschweig?__eep__=6&amp;__cft__[0]=AZXwau4Z51oDwAJwRjVwOfb_qYQOoQecGUEw2DPmOD9GqFnq3HDOvCkG8BYbEeLgwnuhwVb-2N6JL8O8lIIalqEbF3IrRYizAEusSc0k_VRNY_b-bSg681y7_Z11OeMo8saGw0M9lCqxMWYco5THCVKLvMvyA0CcYl-jSseWyTt0pg_gvCEzJhVS2au5XzI_smk&amp;__tn__=*NK-R\" target=\"_blank\"> #feuerwehrbraunschweig<\/a><a href=\"https:\/\/www.facebook.com\/hashtag\/ffwbraunschweig?__eep__=6&amp;__cft__[0]=AZXwau4Z51oDwAJwRjVwOfb_qYQOoQecGUEw2DPmOD9GqFnq3HDOvCkG8BYbEeLgwnuhwVb-2N6JL8O8lIIalqEbF3IrRYizAEusSc0k_VRNY_b-bSg681y7_Z11OeMo8saGw0M9lCqxMWYco5THCVKLvMvyA0CcYl-jSseWyTt0pg_gvCEzJhVS2au5XzI_smk&amp;__tn__=*NK-R\" target=\"_blank\" rel=\"noreferrer noopener\"> #ffwbraunschweig<\/a><a href=\"https:\/\/www.facebook.com\/hashtag\/unserefreizeitfu%CC%88rihresicherheit?__eep__=6&amp;__cft__[0]=AZXwau4Z51oDwAJwRjVwOfb_qYQOoQecGUEw2DPmOD9GqFnq3HDOvCkG8BYbEeLgwnuhwVb-2N6JL8O8lIIalqEbF3IrRYizAEusSc0k_VRNY_b-bSg681y7_Z11OeMo8saGw0M9lCqxMWYco5THCVKLvMvyA0CcYl-jSseWyTt0pg_gvCEzJhVS2au5XzI_smk&amp;__tn__=*NK-R\"> <\/a><a href=\"https:\/\/www.facebook.com\/hashtag\/unserefreizeitfu%CC%88rihresicherheit?__eep__=6&amp;__cft__[0]=AZXwau4Z51oDwAJwRjVwOfb_qYQOoQecGUEw2DPmOD9GqFnq3HDOvCkG8BYbEeLgwnuhwVb-2N6JL8O8lIIalqEbF3IrRYizAEusSc0k_VRNY_b-bSg681y7_Z11OeMo8saGw0M9lCqxMWYco5THCVKLvMvyA0CcYl-jSseWyTt0pg_gvCEzJhVS2au5XzI_smk&amp;__tn__=*NK-R\" target=\"_blank\" rel=\"noreferrer noopener\">#unserefreizeitf\u00fcrihresicherheit<\/a><\/p>\n\n\n\n<p class=\"wp-block-paragraph\"><a rel=\"noreferrer noopener\" href=\"https:\/\/www.facebook.com\/hashtag\/feuerwehr?__eep__=6&amp;__cft__[0]=AZXwau4Z51oDwAJwRjVwOfb_qYQOoQecGUEw2DPmOD9GqFnq3HDOvCkG8BYbEeLgwnuhwVb-2N6JL8O8lIIalqEbF3IrRYizAEusSc0k_VRNY_b-bSg681y7_Z11OeMo8saGw0M9lCqxMWYco5THCVKLvMvyA0CcYl-jSseWyTt0pg_gvCEzJhVS2au5XzI_smk&amp;__tn__=*NK-R\" target=\"_blank\">#feuerwehr<\/a><a href=\"https:\/\/www.facebook.com\/hashtag\/rettenlo%CC%88schenbergenschu%CC%88tzen?__eep__=6&amp;__cft__[0]=AZXwau4Z51oDwAJwRjVwOfb_qYQOoQecGUEw2DPmOD9GqFnq3HDOvCkG8BYbEeLgwnuhwVb-2N6JL8O8lIIalqEbF3IrRYizAEusSc0k_VRNY_b-bSg681y7_Z11OeMo8saGw0M9lCqxMWYco5THCVKLvMvyA0CcYl-jSseWyTt0pg_gvCEzJhVS2au5XzI_smk&amp;__tn__=*NK-R\"> <\/a><a rel=\"noreferrer noopener\" href=\"https:\/\/www.facebook.com\/hashtag\/rettenlo%CC%88schenbergenschu%CC%88tzen?__eep__=6&amp;__cft__[0]=AZXwau4Z51oDwAJwRjVwOfb_qYQOoQecGUEw2DPmOD9GqFnq3HDOvCkG8BYbEeLgwnuhwVb-2N6JL8O8lIIalqEbF3IrRYizAEusSc0k_VRNY_b-bSg681y7_Z11OeMo8saGw0M9lCqxMWYco5THCVKLvMvyA0CcYl-jSseWyTt0pg_gvCEzJhVS2au5XzI_smk&amp;__tn__=*NK-R\" target=\"_blank\">#rettenl\u00f6schenbergensch\u00fctzen<\/a> <a rel=\"noreferrer noopener\" href=\"https:\/\/www.facebook.com\/hashtag\/kameradschaft?__eep__=6&amp;__cft__[0]=AZXwau4Z51oDwAJwRjVwOfb_qYQOoQecGUEw2DPmOD9GqFnq3HDOvCkG8BYbEeLgwnuhwVb-2N6JL8O8lIIalqEbF3IrRYizAEusSc0k_VRNY_b-bSg681y7_Z11OeMo8saGw0M9lCqxMWYco5THCVKLvMvyA0CcYl-jSseWyTt0pg_gvCEzJhVS2au5XzI_smk&amp;__tn__=*NK-R\" target=\"_blank\">#kameradschaft<\/a><a href=\"https:\/\/www.facebook.com\/hashtag\/einefamilie?__eep__=6&amp;__cft__[0]=AZXwau4Z51oDwAJwRjVwOfb_qYQOoQecGUEw2DPmOD9GqFnq3HDOvCkG8BYbEeLgwnuhwVb-2N6JL8O8lIIalqEbF3IrRYizAEusSc0k_VRNY_b-bSg681y7_Z11OeMo8saGw0M9lCqxMWYco5THCVKLvMvyA0CcYl-jSseWyTt0pg_gvCEzJhVS2au5XzI_smk&amp;__tn__=*NK-R\"> <\/a><a rel=\"noreferrer noopener\" href=\"https:\/\/www.facebook.com\/hashtag\/einefamilie?__eep__=6&amp;__cft__[0]=AZXwau4Z51oDwAJwRjVwOfb_qYQOoQecGUEw2DPmOD9GqFnq3HDOvCkG8BYbEeLgwnuhwVb-2N6JL8O8lIIalqEbF3IrRYizAEusSc0k_VRNY_b-bSg681y7_Z11OeMo8saGw0M9lCqxMWYco5THCVKLvMvyA0CcYl-jSseWyTt0pg_gvCEzJhVS2au5XzI_smk&amp;__tn__=*NK-R\" target=\"_blank\">#einefamilie<\/a> <a rel=\"noreferrer noopener\" href=\"https:\/\/www.facebook.com\/hashtag\/of33?__eep__=6&amp;__cft__[0]=AZXwau4Z51oDwAJwRjVwOfb_qYQOoQecGUEw2DPmOD9GqFnq3HDOvCkG8BYbEeLgwnuhwVb-2N6JL8O8lIIalqEbF3IrRYizAEusSc0k_VRNY_b-bSg681y7_Z11OeMo8saGw0M9lCqxMWYco5THCVKLvMvyA0CcYl-jSseWyTt0pg_gvCEzJhVS2au5XzI_smk&amp;__tn__=*NK-R\" target=\"_blank\">#of33<\/a><\/p>\n","protected":false},"author":3,"featured_media":49623,"template":"","meta":{"_monsterinsights_skip_tracking":false,"spay_email":"","einsatz_weight":1,"footnotes":"","jetpack_publicize_message":"","jetpack_is_tweetstorm":false,"jetpack_publicize_feature_enabled":true},"categories":[54],"tags":[131,51,151],"einsatzart":[58],"fahrzeug":[33,32],"exteinsatzmittel":[],"alarmierungsart":[62],"evw_unit":[],"class_list":["post-49621","einsatz","type-einsatz","status-publish","has-post-thumbnail","hentry","category-einsaetze","tag-f1","tag-feuer","tag-muellcontainer","einsatzart-feuer","fahrzeug-ruestwagen","fahrzeug-tankloeschfahrzeug-1624-tr","alarmierungsart-dme"],"aioseo_notices":[],"aioseo_head":"\n\t\t<!-- All in One SEO 5.0.0.1 - aioseo.com -->\n\t<meta name=\"description\" content=\"Einsatz 06\/21 26.03.2021 23:04 Uhr Ortslage Volkmarode F1 - Brennender Container Ortsfeuerwehr Volkmarode Polizei Braunschweig \u00d7 Gef\u00e4llt Mir Angaben dienen lediglich der Berichterstattung \u00d7 #ffw #freiwilligefeuerwehr #freiwilligefeuerwehrvolkmarode #ffwvolkmarode #ehrenamt #leidenschaft #blaulicht #einsatz #feuerwehrbraunschweig #ffwbraunschweig #unserefreizeitf\u00fcrihresicherheit #feuerwehr #rettenl\u00f6schenbergensch\u00fctzen #kameradschaft #einefamilie #of33\" \/>\n\t<meta name=\"robots\" content=\"max-image-preview:large\" \/>\n\t<meta name=\"author\" content=\"Claa\u00dfen\"\/>\n\t<link rel=\"canonical\" href=\"https:\/\/www.feuerwehr-volkmarode.de\/?einsatz=f1-container-brennt\" \/>\n\t<meta name=\"generator\" content=\"All in One SEO (AIOSEO) 5.0.0.1\" \/>\n\t\t<meta property=\"og:locale\" content=\"de_DE\" \/>\n\t\t<meta property=\"og:site_name\" content=\"Freiwillige Feuerwehr Volkmarode - #OF33\" \/>\n\t\t<meta property=\"og:type\" content=\"article\" \/>\n\t\t<meta property=\"og:title\" content=\"F1- Container brennt - Freiwillige Feuerwehr Volkmarode\" \/>\n\t\t<meta property=\"og:description\" content=\"Einsatz 06\/21 26.03.2021 23:04 Uhr Ortslage Volkmarode F1 - Brennender Container Ortsfeuerwehr Volkmarode Polizei Braunschweig \u00d7 Gef\u00e4llt Mir Angaben dienen lediglich der Berichterstattung \u00d7 #ffw #freiwilligefeuerwehr #freiwilligefeuerwehrvolkmarode #ffwvolkmarode #ehrenamt #leidenschaft #blaulicht #einsatz #feuerwehrbraunschweig #ffwbraunschweig #unserefreizeitf\u00fcrihresicherheit #feuerwehr #rettenl\u00f6schenbergensch\u00fctzen #kameradschaft #einefamilie #of33\" \/>\n\t\t<meta property=\"og:url\" content=\"https:\/\/www.feuerwehr-volkmarode.de\/?einsatz=f1-container-brennt\" \/>\n\t\t<meta property=\"article:published_time\" content=\"2021-03-26T22:04:00+00:00\" \/>\n\t\t<meta property=\"article:modified_time\" content=\"2021-03-31T05:37:08+00:00\" \/>\n\t\t<meta name=\"twitter:card\" content=\"summary_large_image\" \/>\n\t\t<meta name=\"twitter:title\" content=\"F1- Container brennt - Freiwillige Feuerwehr Volkmarode\" \/>\n\t\t<meta name=\"twitter:description\" content=\"Einsatz 06\/21 26.03.2021 23:04 Uhr Ortslage Volkmarode F1 - Brennender Container Ortsfeuerwehr Volkmarode Polizei Braunschweig \u00d7 Gef\u00e4llt Mir Angaben dienen lediglich der Berichterstattung \u00d7 #ffw #freiwilligefeuerwehr #freiwilligefeuerwehrvolkmarode #ffwvolkmarode #ehrenamt #leidenschaft #blaulicht #einsatz #feuerwehrbraunschweig #ffwbraunschweig #unserefreizeitf\u00fcrihresicherheit #feuerwehr #rettenl\u00f6schenbergensch\u00fctzen #kameradschaft #einefamilie #of33\" \/>\n\t\t<script type=\"application\/ld+json\" class=\"aioseo-schema\">\n\t\t\t{\"@context\":\"https:\\\/\\\/schema.org\",\"@graph\":[{\"@type\":\"BreadcrumbList\",\"@id\":\"https:\\\/\\\/www.feuerwehr-volkmarode.de\\\/?einsatz=f1-container-brennt#breadcrumblist\",\"itemListElement\":[{\"@type\":\"ListItem\",\"@id\":\"https:\\\/\\\/www.feuerwehr-volkmarode.de#listItem\",\"position\":1,\"name\":\"Home\",\"item\":\"https:\\\/\\\/www.feuerwehr-volkmarode.de\",\"nextItem\":{\"@type\":\"ListItem\",\"@id\":\"https:\\\/\\\/www.feuerwehr-volkmarode.de\\\/?post_type=einsatz#listItem\",\"name\":\"Einsatzberichte\"}},{\"@type\":\"ListItem\",\"@id\":\"https:\\\/\\\/www.feuerwehr-volkmarode.de\\\/?post_type=einsatz#listItem\",\"position\":2,\"name\":\"Einsatzberichte\",\"item\":\"https:\\\/\\\/www.feuerwehr-volkmarode.de\\\/?post_type=einsatz\",\"nextItem\":{\"@type\":\"ListItem\",\"@id\":\"https:\\\/\\\/www.feuerwehr-volkmarode.de\\\/?cat=54#listItem\",\"name\":\"Eins\\u00e4tze\"},\"previousItem\":{\"@type\":\"ListItem\",\"@id\":\"https:\\\/\\\/www.feuerwehr-volkmarode.de#listItem\",\"name\":\"Home\"}},{\"@type\":\"ListItem\",\"@id\":\"https:\\\/\\\/www.feuerwehr-volkmarode.de\\\/?cat=54#listItem\",\"position\":3,\"name\":\"Eins\\u00e4tze\",\"item\":\"https:\\\/\\\/www.feuerwehr-volkmarode.de\\\/?cat=54\",\"nextItem\":{\"@type\":\"ListItem\",\"@id\":\"https:\\\/\\\/www.feuerwehr-volkmarode.de\\\/?einsatz=f1-container-brennt#listItem\",\"name\":\"F1- Container brennt\"},\"previousItem\":{\"@type\":\"ListItem\",\"@id\":\"https:\\\/\\\/www.feuerwehr-volkmarode.de\\\/?post_type=einsatz#listItem\",\"name\":\"Einsatzberichte\"}},{\"@type\":\"ListItem\",\"@id\":\"https:\\\/\\\/www.feuerwehr-volkmarode.de\\\/?einsatz=f1-container-brennt#listItem\",\"position\":4,\"name\":\"F1- Container brennt\",\"previousItem\":{\"@type\":\"ListItem\",\"@id\":\"https:\\\/\\\/www.feuerwehr-volkmarode.de\\\/?cat=54#listItem\",\"name\":\"Eins\\u00e4tze\"}}]},{\"@type\":\"Organization\",\"@id\":\"https:\\\/\\\/www.feuerwehr-volkmarode.de\\\/#organization\",\"name\":\"Freiwillige Feuerwehr Volkmarode\",\"description\":\"#OF33\",\"url\":\"https:\\\/\\\/www.feuerwehr-volkmarode.de\\\/\"},{\"@type\":\"Person\",\"@id\":\"https:\\\/\\\/www.feuerwehr-volkmarode.de\\\/?author=3#author\",\"url\":\"https:\\\/\\\/www.feuerwehr-volkmarode.de\\\/?author=3\",\"name\":\"Claa\\u00dfen\"},{\"@type\":\"WebPage\",\"@id\":\"https:\\\/\\\/www.feuerwehr-volkmarode.de\\\/?einsatz=f1-container-brennt#webpage\",\"url\":\"https:\\\/\\\/www.feuerwehr-volkmarode.de\\\/?einsatz=f1-container-brennt\",\"name\":\"F1- Container brennt - Freiwillige Feuerwehr Volkmarode\",\"description\":\"Einsatz 06\\\/21 26.03.2021 23:04 Uhr Ortslage Volkmarode F1 - Brennender Container Ortsfeuerwehr Volkmarode Polizei Braunschweig \\u00d7 Gef\\u00e4llt Mir Angaben dienen lediglich der Berichterstattung \\u00d7 #ffw #freiwilligefeuerwehr #freiwilligefeuerwehrvolkmarode #ffwvolkmarode #ehrenamt #leidenschaft #blaulicht #einsatz #feuerwehrbraunschweig #ffwbraunschweig #unserefreizeitf\\u00fcrihresicherheit #feuerwehr #rettenl\\u00f6schenbergensch\\u00fctzen #kameradschaft #einefamilie #of33\",\"inLanguage\":\"de-DE\",\"isPartOf\":{\"@id\":\"https:\\\/\\\/www.feuerwehr-volkmarode.de\\\/#website\"},\"breadcrumb\":{\"@id\":\"https:\\\/\\\/www.feuerwehr-volkmarode.de\\\/?einsatz=f1-container-brennt#breadcrumblist\"},\"author\":{\"@id\":\"https:\\\/\\\/www.feuerwehr-volkmarode.de\\\/?author=3#author\"},\"creator\":{\"@id\":\"https:\\\/\\\/www.feuerwehr-volkmarode.de\\\/?author=3#author\"},\"image\":{\"@type\":\"ImageObject\",\"url\":\"https:\\\/\\\/www.feuerwehr-volkmarode.de\\\/wp-content\\\/uploads\\\/2021\\\/03\\\/IMG_3215-scaled-e1617168948299.jpg\",\"@id\":\"https:\\\/\\\/www.feuerwehr-volkmarode.de\\\/?einsatz=f1-container-brennt\\\/#mainImage\",\"width\":225,\"height\":300},\"primaryImageOfPage\":{\"@id\":\"https:\\\/\\\/www.feuerwehr-volkmarode.de\\\/?einsatz=f1-container-brennt#mainImage\"},\"datePublished\":\"2021-03-26T23:04:00+01:00\",\"dateModified\":\"2021-03-31T07:37:08+02:00\"},{\"@type\":\"WebSite\",\"@id\":\"https:\\\/\\\/www.feuerwehr-volkmarode.de\\\/#website\",\"url\":\"https:\\\/\\\/www.feuerwehr-volkmarode.de\\\/\",\"name\":\"Freiwillige Feuerwehr Volkmarode\",\"description\":\"#OF33\",\"inLanguage\":\"de-DE\",\"publisher\":{\"@id\":\"https:\\\/\\\/www.feuerwehr-volkmarode.de\\\/#organization\"}}]}\n\t\t<\/script>\n\t\t<!-- All in One SEO -->\n\n","aioseo_head_json":{"title":"F1- Container brennt - Freiwillige Feuerwehr Volkmarode","description":"Einsatz 06\/21 26.03.2021 23:04 Uhr Ortslage Volkmarode F1 - Brennender Container Ortsfeuerwehr Volkmarode Polizei Braunschweig \u00d7 Gef\u00e4llt Mir Angaben dienen lediglich der Berichterstattung \u00d7 #ffw #freiwilligefeuerwehr #freiwilligefeuerwehrvolkmarode #ffwvolkmarode #ehrenamt #leidenschaft #blaulicht #einsatz #feuerwehrbraunschweig #ffwbraunschweig #unserefreizeitf\u00fcrihresicherheit #feuerwehr #rettenl\u00f6schenbergensch\u00fctzen #kameradschaft #einefamilie #of33","canonical_url":"https:\/\/www.feuerwehr-volkmarode.de\/?einsatz=f1-container-brennt","robots":"max-image-preview:large","keywords":"","webmasterTools":{"miscellaneous":""},"schema":{"@context":"https:\/\/schema.org","@graph":[{"@type":"BreadcrumbList","@id":"https:\/\/www.feuerwehr-volkmarode.de\/?einsatz=f1-container-brennt#breadcrumblist","itemListElement":[{"@type":"ListItem","@id":"https:\/\/www.feuerwehr-volkmarode.de#listItem","position":1,"name":"Home","item":"https:\/\/www.feuerwehr-volkmarode.de","nextItem":{"@type":"ListItem","@id":"https:\/\/www.feuerwehr-volkmarode.de\/?post_type=einsatz#listItem","name":"Einsatzberichte"}},{"@type":"ListItem","@id":"https:\/\/www.feuerwehr-volkmarode.de\/?post_type=einsatz#listItem","position":2,"name":"Einsatzberichte","item":"https:\/\/www.feuerwehr-volkmarode.de\/?post_type=einsatz","nextItem":{"@type":"ListItem","@id":"https:\/\/www.feuerwehr-volkmarode.de\/?cat=54#listItem","name":"Eins\u00e4tze"},"previousItem":{"@type":"ListItem","@id":"https:\/\/www.feuerwehr-volkmarode.de#listItem","name":"Home"}},{"@type":"ListItem","@id":"https:\/\/www.feuerwehr-volkmarode.de\/?cat=54#listItem","position":3,"name":"Eins\u00e4tze","item":"https:\/\/www.feuerwehr-volkmarode.de\/?cat=54","nextItem":{"@type":"ListItem","@id":"https:\/\/www.feuerwehr-volkmarode.de\/?einsatz=f1-container-brennt#listItem","name":"F1- Container brennt"},"previousItem":{"@type":"ListItem","@id":"https:\/\/www.feuerwehr-volkmarode.de\/?post_type=einsatz#listItem","name":"Einsatzberichte"}},{"@type":"ListItem","@id":"https:\/\/www.feuerwehr-volkmarode.de\/?einsatz=f1-container-brennt#listItem","position":4,"name":"F1- Container brennt","previousItem":{"@type":"ListItem","@id":"https:\/\/www.feuerwehr-volkmarode.de\/?cat=54#listItem","name":"Eins\u00e4tze"}}]},{"@type":"Organization","@id":"https:\/\/www.feuerwehr-volkmarode.de\/#organization","name":"Freiwillige Feuerwehr Volkmarode","description":"#OF33","url":"https:\/\/www.feuerwehr-volkmarode.de\/"},{"@type":"Person","@id":"https:\/\/www.feuerwehr-volkmarode.de\/?author=3#author","url":"https:\/\/www.feuerwehr-volkmarode.de\/?author=3","name":"Claa\u00dfen"},{"@type":"WebPage","@id":"https:\/\/www.feuerwehr-volkmarode.de\/?einsatz=f1-container-brennt#webpage","url":"https:\/\/www.feuerwehr-volkmarode.de\/?einsatz=f1-container-brennt","name":"F1- Container brennt - Freiwillige Feuerwehr Volkmarode","description":"Einsatz 06\/21 26.03.2021 23:04 Uhr Ortslage Volkmarode F1 - Brennender Container Ortsfeuerwehr Volkmarode Polizei Braunschweig \u00d7 Gef\u00e4llt Mir Angaben dienen lediglich der Berichterstattung \u00d7 #ffw #freiwilligefeuerwehr #freiwilligefeuerwehrvolkmarode #ffwvolkmarode #ehrenamt #leidenschaft #blaulicht #einsatz #feuerwehrbraunschweig #ffwbraunschweig #unserefreizeitf\u00fcrihresicherheit #feuerwehr #rettenl\u00f6schenbergensch\u00fctzen #kameradschaft #einefamilie #of33","inLanguage":"de-DE","isPartOf":{"@id":"https:\/\/www.feuerwehr-volkmarode.de\/#website"},"breadcrumb":{"@id":"https:\/\/www.feuerwehr-volkmarode.de\/?einsatz=f1-container-brennt#breadcrumblist"},"author":{"@id":"https:\/\/www.feuerwehr-volkmarode.de\/?author=3#author"},"creator":{"@id":"https:\/\/www.feuerwehr-volkmarode.de\/?author=3#author"},"image":{"@type":"ImageObject","url":"https:\/\/www.feuerwehr-volkmarode.de\/wp-content\/uploads\/2021\/03\/IMG_3215-scaled-e1617168948299.jpg","@id":"https:\/\/www.feuerwehr-volkmarode.de\/?einsatz=f1-container-brennt\/#mainImage","width":225,"height":300},"primaryImageOfPage":{"@id":"https:\/\/www.feuerwehr-volkmarode.de\/?einsatz=f1-container-brennt#mainImage"},"datePublished":"2021-03-26T23:04:00+01:00","dateModified":"2021-03-31T07:37:08+02:00"},{"@type":"WebSite","@id":"https:\/\/www.feuerwehr-volkmarode.de\/#website","url":"https:\/\/www.feuerwehr-volkmarode.de\/","name":"Freiwillige Feuerwehr Volkmarode","description":"#OF33","inLanguage":"de-DE","publisher":{"@id":"https:\/\/www.feuerwehr-volkmarode.de\/#organization"}}]},"og:locale":"de_DE","og:site_name":"Freiwillige Feuerwehr Volkmarode - #OF33","og:type":"article","og:title":"F1- Container brennt - Freiwillige Feuerwehr Volkmarode","og:description":"Einsatz 06\/21 26.03.2021 23:04 Uhr Ortslage Volkmarode F1 - Brennender Container Ortsfeuerwehr Volkmarode Polizei Braunschweig \u00d7 Gef\u00e4llt Mir Angaben dienen lediglich der Berichterstattung \u00d7 #ffw #freiwilligefeuerwehr #freiwilligefeuerwehrvolkmarode #ffwvolkmarode #ehrenamt #leidenschaft #blaulicht #einsatz #feuerwehrbraunschweig #ffwbraunschweig #unserefreizeitf\u00fcrihresicherheit #feuerwehr #rettenl\u00f6schenbergensch\u00fctzen #kameradschaft #einefamilie #of33","og:url":"https:\/\/www.feuerwehr-volkmarode.de\/?einsatz=f1-container-brennt","article:published_time":"2021-03-26T22:04:00+00:00","article:modified_time":"2021-03-31T05:37:08+00:00","twitter:card":"summary_large_image","twitter:title":"F1- Container brennt - Freiwillige Feuerwehr Volkmarode","twitter:description":"Einsatz 06\/21 26.03.2021 23:04 Uhr Ortslage Volkmarode F1 - Brennender Container Ortsfeuerwehr Volkmarode Polizei Braunschweig \u00d7 Gef\u00e4llt Mir Angaben dienen lediglich der Berichterstattung \u00d7 #ffw #freiwilligefeuerwehr #freiwilligefeuerwehrvolkmarode #ffwvolkmarode #ehrenamt #leidenschaft #blaulicht #einsatz #feuerwehrbraunschweig #ffwbraunschweig #unserefreizeitf\u00fcrihresicherheit #feuerwehr #rettenl\u00f6schenbergensch\u00fctzen #kameradschaft #einefamilie #of33"},"aioseo_meta_data":{"post_id":"49621","title":null,"description":null,"keywords":null,"keyphrases":null,"primary_term":null,"canonical_url":null,"og_title":null,"og_description":null,"og_object_type":"default","og_image_type":"default","og_image_url":null,"og_image_width":null,"og_image_height":null,"og_image_custom_url":null,"og_image_custom_fields":null,"og_video":null,"og_custom_url":null,"og_article_section":null,"og_article_tags":null,"twitter_use_og":false,"twitter_card":"default","twitter_image_type":"default","twitter_image_url":null,"twitter_image_custom_url":null,"twitter_image_custom_fields":null,"twitter_title":null,"twitter_description":null,"schema":{"blockGraphs":[],"customGraphs":[],"default":{"data":{"Article":[],"Course":[],"Dataset":[],"FAQPage":[],"Movie":[],"Person":[],"Product":[],"ProductReview":[],"Car":[],"Recipe":[],"Service":[],"SoftwareApplication":[],"WebPage":[]},"graphName":"","isEnabled":true},"graphs":[]},"schema_type":"default","schema_type_options":null,"pillar_content":false,"robots_default":true,"robots_noindex":false,"robots_noarchive":false,"robots_nosnippet":false,"robots_nofollow":false,"robots_noimageindex":false,"robots_noodp":false,"robots_notranslate":false,"robots_max_snippet":null,"robots_max_videopreview":null,"robots_max_imagepreview":"large","priority":null,"frequency":null,"local_seo":null,"breadcrumb_settings":null,"limit_modified_date":false,"ai":null,"created":"2025-11-19 17:45:18","updated":"2025-11-19 17:45:18","focus_keyword":null,"additional_keywords":null,"truseo_locale":null,"seo_analyzer_scan_date":null},"aioseo_breadcrumb":"<div class=\"aioseo-breadcrumbs\"><span class=\"aioseo-breadcrumb\">\n\t\t\t<a href=\"https:\/\/www.feuerwehr-volkmarode.de\" title=\"Home\">Home<\/a>\n\t\t<\/span><span class=\"aioseo-breadcrumb-separator\">&raquo;<\/span><span class=\"aioseo-breadcrumb\">\n\t\t\t<a href=\"https:\/\/www.feuerwehr-volkmarode.de\/?post_type=einsatz\" title=\"Einsatzberichte\">Einsatzberichte<\/a>\n\t\t<\/span><span class=\"aioseo-breadcrumb-separator\">&raquo;<\/span><span class=\"aioseo-breadcrumb\">\n\t\t\t<a href=\"https:\/\/www.feuerwehr-volkmarode.de\/?cat=54\" title=\"Eins\u00e4tze\">Eins\u00e4tze<\/a>\n\t\t<\/span><span class=\"aioseo-breadcrumb-separator\">&raquo;<\/span><span class=\"aioseo-breadcrumb\">\n\t\t\tF1- Container brennt\n\t\t<\/span><\/div>","aioseo_breadcrumb_json":[{"label":"Home","link":"https:\/\/www.feuerwehr-volkmarode.de"},{"label":"Einsatzberichte","link":"https:\/\/www.feuerwehr-volkmarode.de\/?post_type=einsatz"},{"label":"Eins\u00e4tze","link":"https:\/\/www.feuerwehr-volkmarode.de\/?cat=54"},{"label":"F1- Container brennt","link":"https:\/\/www.feuerwehr-volkmarode.de\/?einsatz=f1-container-brennt"}],"jetpack_publicize_connections":[],"jetpack_sharing_enabled":true,"_links":{"self":[{"href":"https:\/\/www.feuerwehr-volkmarode.de\/index.php?rest_route=\/wp\/v2\/einsatz\/49621","targetHints":{"allow":["GET"]}}],"collection":[{"href":"https:\/\/www.feuerwehr-volkmarode.de\/index.php?rest_route=\/wp\/v2\/einsatz"}],"about":[{"href":"https:\/\/www.feuerwehr-volkmarode.de\/index.php?rest_route=\/wp\/v2\/types\/einsatz"}],"author":[{"embeddable":true,"href":"https:\/\/www.feuerwehr-volkmarode.de\/index.php?rest_route=\/wp\/v2\/users\/3"}],"version-history":[{"count":1,"href":"https:\/\/www.feuerwehr-volkmarode.de\/index.php?rest_route=\/wp\/v2\/einsatz\/49621\/revisions"}],"predecessor-version":[{"id":49622,"href":"https:\/\/www.feuerwehr-volkmarode.de\/index.php?rest_route=\/wp\/v2\/einsatz\/49621\/revisions\/49622"}],"wp:featuredmedia":[{"embeddable":true,"href":"https:\/\/www.feuerwehr-volkmarode.de\/index.php?rest_route=\/wp\/v2\/media\/49623"}],"wp:attachment":[{"href":"https:\/\/www.feuerwehr-volkmarode.de\/index.php?rest_route=%2Fwp%2Fv2%2Fmedia&parent=49621"}],"wp:term":[{"taxonomy":"category","embeddable":true,"href":"https:\/\/www.feuerwehr-volkmarode.de\/index.php?rest_route=%2Fwp%2Fv2%2Fcategories&post=49621"},{"taxonomy":"post_tag","embeddable":true,"href":"https:\/\/www.feuerwehr-volkmarode.de\/index.php?rest_route=%2Fwp%2Fv2%2Ftags&post=49621"},{"taxonomy":"einsatzart","embeddable":true,"href":"https:\/\/www.feuerwehr-volkmarode.de\/index.php?rest_route=%2Fwp%2Fv2%2Feinsatzart&post=49621"},{"taxonomy":"fahrzeug","embeddable":true,"href":"https:\/\/www.feuerwehr-volkmarode.de\/index.php?rest_route=%2Fwp%2Fv2%2Ffahrzeug&post=49621"},{"taxonomy":"exteinsatzmittel","embeddable":true,"href":"https:\/\/www.feuerwehr-volkmarode.de\/index.php?rest_route=%2Fwp%2Fv2%2Fexteinsatzmittel&post=49621"},{"taxonomy":"alarmierungsart","embeddable":true,"href":"https:\/\/www.feuerwehr-volkmarode.de\/index.php?rest_route=%2Fwp%2Fv2%2Falarmierungsart&post=49621"},{"taxonomy":"evw_unit","embeddable":true,"href":"https:\/\/www.feuerwehr-volkmarode.de\/index.php?rest_route=%2Fwp%2Fv2%2Fevw_unit&post=49621"}],"curies":[{"name":"wp","href":"https:\/\/api.w.org\/{rel}","templated":true}]}}