{"id":49590,"date":"2021-02-11T09:36:00","date_gmt":"2021-02-11T08:36:00","guid":{"rendered":"https:\/\/www.feuerwehr-volkmarode.de\/?post_type=einsatz&#038;p=49590"},"modified":"2021-02-11T20:49:05","modified_gmt":"2021-02-11T19:49:05","slug":"h0-unterstuetzung-rettungsdienst-2","status":"publish","type":"einsatz","link":"https:\/\/www.feuerwehr-volkmarode.de\/?einsatz=h0-unterstuetzung-rettungsdienst-2","title":{"rendered":"H0 &#8211; Unterst\u00fctzung Rettungsdienst"},"content":{"rendered":"\n<p><img loading=\"lazy\" height=\"16\" width=\"16\" alt=\"&#x1f4df;\" src=\"https:\/\/static.xx.fbcdn.net\/images\/emoji.php\/v9\/tce\/1\/16\/1f4df.png\"> Einsatz 04\/21<\/p>\n\n\n\n<p> <img loading=\"lazy\" height=\"16\" width=\"16\" alt=\"&#x1f5d3;\" src=\"https:\/\/static.xx.fbcdn.net\/images\/emoji.php\/v9\/t5c\/1\/16\/1f5d3.png\"> 11.02.2021<\/p>\n\n\n\n<p><img loading=\"lazy\" height=\"16\" width=\"16\" alt=\"&#x23f0;\" src=\"https:\/\/static.xx.fbcdn.net\/images\/emoji.php\/v9\/t34\/1\/16\/23f0.png\"> 09:36 Uhr <\/p>\n\n\n\n<p><img loading=\"lazy\" height=\"16\" width=\"16\" alt=\"&#x1f4cd;\" src=\"https:\/\/static.xx.fbcdn.net\/images\/emoji.php\/v9\/t2d\/1\/16\/1f4cd.png\"> Ortslage Hondelage<\/p>\n\n\n\n<p><img loading=\"lazy\" height=\"16\" width=\"16\" alt=\"&#x2692;&#xfe0f;\" src=\"https:\/\/static.xx.fbcdn.net\/images\/emoji.php\/v9\/t6\/1\/16\/2692.png\"> H0 &#8211; Unterst\u00fctzung Rettungsdienst<\/p>\n\n\n\n<p><img loading=\"lazy\" height=\"16\" width=\"16\" alt=\"&#x1f692;\" src=\"https:\/\/static.xx.fbcdn.net\/images\/emoji.php\/v9\/t67\/1\/16\/1f692.png\"> Ortsfeuerwehr Volkmarode<\/p>\n\n\n\n<p><img loading=\"lazy\" height=\"16\" width=\"16\" alt=\"&#x1f691;\" src=\"https:\/\/static.xx.fbcdn.net\/images\/emoji.php\/v9\/te6\/1\/16\/1f691.png\"><a href=\"https:\/\/www.facebook.com\/asb.braunschweig\/?__cft__[0]=AZXwau4Z51oDwAJwRjVwOfb_qYQOoQecGUEw2DPmOD9GqFnq3HDOvCkG8BYbEeLgwnuhwVb-2N6JL8O8lIIalqEbF3IrRYizAEusSc0k_VRNY_b-bSg681y7_Z11OeMo8saGw0M9lCqxMWYco5THCVKLvMvyA0CcYl-jSseWyTt0pg_gvCEzJhVS2au5XzI_smk&amp;__tn__=kK-R\">ASB Braunschweig<\/a><\/p>\n\n\n\n<p><\/p>\n\n\n\n<p>Symbolbild)<\/p>\n\n\n\n<p>\u00d7 Gef\u00e4llt Mir Angaben dienen lediglich der Berichterstattung \u00d7 <a href=\"https:\/\/www.facebook.com\/hashtag\/ffw?__eep__=6&amp;__cft__[0]=AZXwau4Z51oDwAJwRjVwOfb_qYQOoQecGUEw2DPmOD9GqFnq3HDOvCkG8BYbEeLgwnuhwVb-2N6JL8O8lIIalqEbF3IrRYizAEusSc0k_VRNY_b-bSg681y7_Z11OeMo8saGw0M9lCqxMWYco5THCVKLvMvyA0CcYl-jSseWyTt0pg_gvCEzJhVS2au5XzI_smk&amp;__tn__=*NK-R\">#ffw<\/a><a href=\"https:\/\/www.facebook.com\/hashtag\/freiwilligefeuerwehr?__eep__=6&amp;__cft__[0]=AZXwau4Z51oDwAJwRjVwOfb_qYQOoQecGUEw2DPmOD9GqFnq3HDOvCkG8BYbEeLgwnuhwVb-2N6JL8O8lIIalqEbF3IrRYizAEusSc0k_VRNY_b-bSg681y7_Z11OeMo8saGw0M9lCqxMWYco5THCVKLvMvyA0CcYl-jSseWyTt0pg_gvCEzJhVS2au5XzI_smk&amp;__tn__=*NK-R\">#freiwilligefeuerwehr<\/a><a href=\"https:\/\/www.facebook.com\/hashtag\/freiwilligefeuerwehrvolkmarode?__eep__=6&amp;__cft__[0]=AZXwau4Z51oDwAJwRjVwOfb_qYQOoQecGUEw2DPmOD9GqFnq3HDOvCkG8BYbEeLgwnuhwVb-2N6JL8O8lIIalqEbF3IrRYizAEusSc0k_VRNY_b-bSg681y7_Z11OeMo8saGw0M9lCqxMWYco5THCVKLvMvyA0CcYl-jSseWyTt0pg_gvCEzJhVS2au5XzI_smk&amp;__tn__=*NK-R\">#freiwilligefeuerwehrvolkmarode<\/a><a href=\"https:\/\/www.facebook.com\/hashtag\/ffwvolkmarode?__eep__=6&amp;__cft__[0]=AZXwau4Z51oDwAJwRjVwOfb_qYQOoQecGUEw2DPmOD9GqFnq3HDOvCkG8BYbEeLgwnuhwVb-2N6JL8O8lIIalqEbF3IrRYizAEusSc0k_VRNY_b-bSg681y7_Z11OeMo8saGw0M9lCqxMWYco5THCVKLvMvyA0CcYl-jSseWyTt0pg_gvCEzJhVS2au5XzI_smk&amp;__tn__=*NK-R\">#ffwvolkmarode<\/a><a href=\"https:\/\/www.facebook.com\/hashtag\/ehrenamt?__eep__=6&amp;__cft__[0]=AZXwau4Z51oDwAJwRjVwOfb_qYQOoQecGUEw2DPmOD9GqFnq3HDOvCkG8BYbEeLgwnuhwVb-2N6JL8O8lIIalqEbF3IrRYizAEusSc0k_VRNY_b-bSg681y7_Z11OeMo8saGw0M9lCqxMWYco5THCVKLvMvyA0CcYl-jSseWyTt0pg_gvCEzJhVS2au5XzI_smk&amp;__tn__=*NK-R\">#ehrenamt<\/a><a href=\"https:\/\/www.facebook.com\/hashtag\/leidenschaft?__eep__=6&amp;__cft__[0]=AZXwau4Z51oDwAJwRjVwOfb_qYQOoQecGUEw2DPmOD9GqFnq3HDOvCkG8BYbEeLgwnuhwVb-2N6JL8O8lIIalqEbF3IrRYizAEusSc0k_VRNY_b-bSg681y7_Z11OeMo8saGw0M9lCqxMWYco5THCVKLvMvyA0CcYl-jSseWyTt0pg_gvCEzJhVS2au5XzI_smk&amp;__tn__=*NK-R\">#leidenschaft<\/a><\/p>\n\n\n\n<p><a href=\"https:\/\/www.facebook.com\/hashtag\/blaulicht?__eep__=6&amp;__cft__[0]=AZXwau4Z51oDwAJwRjVwOfb_qYQOoQecGUEw2DPmOD9GqFnq3HDOvCkG8BYbEeLgwnuhwVb-2N6JL8O8lIIalqEbF3IrRYizAEusSc0k_VRNY_b-bSg681y7_Z11OeMo8saGw0M9lCqxMWYco5THCVKLvMvyA0CcYl-jSseWyTt0pg_gvCEzJhVS2au5XzI_smk&amp;__tn__=*NK-R\">#blaulicht<\/a><a href=\"https:\/\/www.facebook.com\/hashtag\/einsatz?__eep__=6&amp;__cft__[0]=AZXwau4Z51oDwAJwRjVwOfb_qYQOoQecGUEw2DPmOD9GqFnq3HDOvCkG8BYbEeLgwnuhwVb-2N6JL8O8lIIalqEbF3IrRYizAEusSc0k_VRNY_b-bSg681y7_Z11OeMo8saGw0M9lCqxMWYco5THCVKLvMvyA0CcYl-jSseWyTt0pg_gvCEzJhVS2au5XzI_smk&amp;__tn__=*NK-R\">#einsatz<\/a><a href=\"https:\/\/www.facebook.com\/hashtag\/feuerwehrbraunschweig?__eep__=6&amp;__cft__[0]=AZXwau4Z51oDwAJwRjVwOfb_qYQOoQecGUEw2DPmOD9GqFnq3HDOvCkG8BYbEeLgwnuhwVb-2N6JL8O8lIIalqEbF3IrRYizAEusSc0k_VRNY_b-bSg681y7_Z11OeMo8saGw0M9lCqxMWYco5THCVKLvMvyA0CcYl-jSseWyTt0pg_gvCEzJhVS2au5XzI_smk&amp;__tn__=*NK-R\">#feuerwehrbraunschweig<\/a><a href=\"https:\/\/www.facebook.com\/hashtag\/ffwbraunschweig?__eep__=6&amp;__cft__[0]=AZXwau4Z51oDwAJwRjVwOfb_qYQOoQecGUEw2DPmOD9GqFnq3HDOvCkG8BYbEeLgwnuhwVb-2N6JL8O8lIIalqEbF3IrRYizAEusSc0k_VRNY_b-bSg681y7_Z11OeMo8saGw0M9lCqxMWYco5THCVKLvMvyA0CcYl-jSseWyTt0pg_gvCEzJhVS2au5XzI_smk&amp;__tn__=*NK-R\">#ffwbraunschweig<\/a><a href=\"https:\/\/www.facebook.com\/hashtag\/unserefreizeitfu%CC%88rihresicherheit?__eep__=6&amp;__cft__[0]=AZXwau4Z51oDwAJwRjVwOfb_qYQOoQecGUEw2DPmOD9GqFnq3HDOvCkG8BYbEeLgwnuhwVb-2N6JL8O8lIIalqEbF3IrRYizAEusSc0k_VRNY_b-bSg681y7_Z11OeMo8saGw0M9lCqxMWYco5THCVKLvMvyA0CcYl-jSseWyTt0pg_gvCEzJhVS2au5XzI_smk&amp;__tn__=*NK-R\">#unserefreizeitf\u00fcrihresicherheit<\/a><\/p>\n\n\n\n<p><a href=\"https:\/\/www.facebook.com\/hashtag\/feuerwehr?__eep__=6&amp;__cft__[0]=AZXwau4Z51oDwAJwRjVwOfb_qYQOoQecGUEw2DPmOD9GqFnq3HDOvCkG8BYbEeLgwnuhwVb-2N6JL8O8lIIalqEbF3IrRYizAEusSc0k_VRNY_b-bSg681y7_Z11OeMo8saGw0M9lCqxMWYco5THCVKLvMvyA0CcYl-jSseWyTt0pg_gvCEzJhVS2au5XzI_smk&amp;__tn__=*NK-R\">#feuerwehr<\/a><a href=\"https:\/\/www.facebook.com\/hashtag\/rettenlo%CC%88schenbergenschu%CC%88tzen?__eep__=6&amp;__cft__[0]=AZXwau4Z51oDwAJwRjVwOfb_qYQOoQecGUEw2DPmOD9GqFnq3HDOvCkG8BYbEeLgwnuhwVb-2N6JL8O8lIIalqEbF3IrRYizAEusSc0k_VRNY_b-bSg681y7_Z11OeMo8saGw0M9lCqxMWYco5THCVKLvMvyA0CcYl-jSseWyTt0pg_gvCEzJhVS2au5XzI_smk&amp;__tn__=*NK-R\">#rettenl\u00f6schenbergensch\u00fctzen<\/a><a href=\"https:\/\/www.facebook.com\/hashtag\/kameradschaft?__eep__=6&amp;__cft__[0]=AZXwau4Z51oDwAJwRjVwOfb_qYQOoQecGUEw2DPmOD9GqFnq3HDOvCkG8BYbEeLgwnuhwVb-2N6JL8O8lIIalqEbF3IrRYizAEusSc0k_VRNY_b-bSg681y7_Z11OeMo8saGw0M9lCqxMWYco5THCVKLvMvyA0CcYl-jSseWyTt0pg_gvCEzJhVS2au5XzI_smk&amp;__tn__=*NK-R\">#kameradschaft<\/a><a href=\"https:\/\/www.facebook.com\/hashtag\/einefamilie?__eep__=6&amp;__cft__[0]=AZXwau4Z51oDwAJwRjVwOfb_qYQOoQecGUEw2DPmOD9GqFnq3HDOvCkG8BYbEeLgwnuhwVb-2N6JL8O8lIIalqEbF3IrRYizAEusSc0k_VRNY_b-bSg681y7_Z11OeMo8saGw0M9lCqxMWYco5THCVKLvMvyA0CcYl-jSseWyTt0pg_gvCEzJhVS2au5XzI_smk&amp;__tn__=*NK-R\">#einefamilie<\/a><a href=\"https:\/\/www.facebook.com\/hashtag\/of33?__eep__=6&amp;__cft__[0]=AZXwau4Z51oDwAJwRjVwOfb_qYQOoQecGUEw2DPmOD9GqFnq3HDOvCkG8BYbEeLgwnuhwVb-2N6JL8O8lIIalqEbF3IrRYizAEusSc0k_VRNY_b-bSg681y7_Z11OeMo8saGw0M9lCqxMWYco5THCVKLvMvyA0CcYl-jSseWyTt0pg_gvCEzJhVS2au5XzI_smk&amp;__tn__=*NK-R\">#of33<\/a><\/p>\n","protected":false},"author":3,"featured_media":49580,"template":"","meta":{"_monsterinsights_skip_tracking":false,"_monsterinsights_sitenote_active":false,"_monsterinsights_sitenote_note":"","_monsterinsights_sitenote_category":0,"spay_email":"","einsatz_weight":1,"jetpack_publicize_message":"","jetpack_is_tweetstorm":false,"jetpack_publicize_feature_enabled":true},"categories":[54],"tags":[],"einsatzart":[35],"fahrzeug":[32],"exteinsatzmittel":[148,86,147],"alarmierungsart":[62],"evw_unit":[],"aioseo_notices":[],"jetpack_publicize_connections":[],"jetpack_sharing_enabled":true,"_links":{"self":[{"href":"https:\/\/www.feuerwehr-volkmarode.de\/index.php?rest_route=\/wp\/v2\/einsatz\/49590"}],"collection":[{"href":"https:\/\/www.feuerwehr-volkmarode.de\/index.php?rest_route=\/wp\/v2\/einsatz"}],"about":[{"href":"https:\/\/www.feuerwehr-volkmarode.de\/index.php?rest_route=\/wp\/v2\/types\/einsatz"}],"author":[{"embeddable":true,"href":"https:\/\/www.feuerwehr-volkmarode.de\/index.php?rest_route=\/wp\/v2\/users\/3"}],"version-history":[{"count":3,"href":"https:\/\/www.feuerwehr-volkmarode.de\/index.php?rest_route=\/wp\/v2\/einsatz\/49590\/revisions"}],"predecessor-version":[{"id":49593,"href":"https:\/\/www.feuerwehr-volkmarode.de\/index.php?rest_route=\/wp\/v2\/einsatz\/49590\/revisions\/49593"}],"wp:featuredmedia":[{"embeddable":true,"href":"https:\/\/www.feuerwehr-volkmarode.de\/index.php?rest_route=\/wp\/v2\/media\/49580"}],"wp:attachment":[{"href":"https:\/\/www.feuerwehr-volkmarode.de\/index.php?rest_route=%2Fwp%2Fv2%2Fmedia&parent=49590"}],"wp:term":[{"taxonomy":"category","embeddable":true,"href":"https:\/\/www.feuerwehr-volkmarode.de\/index.php?rest_route=%2Fwp%2Fv2%2Fcategories&post=49590"},{"taxonomy":"post_tag","embeddable":true,"href":"https:\/\/www.feuerwehr-volkmarode.de\/index.php?rest_route=%2Fwp%2Fv2%2Ftags&post=49590"},{"taxonomy":"einsatzart","embeddable":true,"href":"https:\/\/www.feuerwehr-volkmarode.de\/index.php?rest_route=%2Fwp%2Fv2%2Feinsatzart&post=49590"},{"taxonomy":"fahrzeug","embeddable":true,"href":"https:\/\/www.feuerwehr-volkmarode.de\/index.php?rest_route=%2Fwp%2Fv2%2Ffahrzeug&post=49590"},{"taxonomy":"exteinsatzmittel","embeddable":true,"href":"https:\/\/www.feuerwehr-volkmarode.de\/index.php?rest_route=%2Fwp%2Fv2%2Fexteinsatzmittel&post=49590"},{"taxonomy":"alarmierungsart","embeddable":true,"href":"https:\/\/www.feuerwehr-volkmarode.de\/index.php?rest_route=%2Fwp%2Fv2%2Falarmierungsart&post=49590"},{"taxonomy":"evw_unit","embeddable":true,"href":"https:\/\/www.feuerwehr-volkmarode.de\/index.php?rest_route=%2Fwp%2Fv2%2Fevw_unit&post=49590"}],"curies":[{"name":"wp","href":"https:\/\/api.w.org\/{rel}","templated":true}]}}