{"id":49562,"date":"2021-02-03T08:08:00","date_gmt":"2021-02-03T07:08:00","guid":{"rendered":"https:\/\/www.feuerwehr-volkmarode.de\/?post_type=einsatz&#038;p=49562"},"modified":"2021-02-03T15:46:40","modified_gmt":"2021-02-03T14:46:40","slug":"ws-wasserschaden","status":"publish","type":"einsatz","link":"https:\/\/www.feuerwehr-volkmarode.de\/?einsatz=ws-wasserschaden","title":{"rendered":"WS\/ Wasserschaden"},"content":{"rendered":"\n<p class=\"wp-block-paragraph\"><img loading=\"lazy\" decoding=\"async\" height=\"16\" width=\"16\" alt=\"&#x1f4df;\" src=\"https:\/\/static.xx.fbcdn.net\/images\/emoji.php\/v9\/tce\/1\/16\/1f4df.png\"> Einsatz 02\/21<\/p>\n\n\n\n<p class=\"wp-block-paragraph\"><img loading=\"lazy\" decoding=\"async\" height=\"16\" width=\"16\" alt=\"&#x1f5d3;\" src=\"https:\/\/static.xx.fbcdn.net\/images\/emoji.php\/v9\/t5c\/1\/16\/1f5d3.png\"> 03.02.2021<\/p>\n\n\n\n<p class=\"wp-block-paragraph\"><img loading=\"lazy\" decoding=\"async\" height=\"16\" width=\"16\" alt=\"&#x23f0;\" src=\"https:\/\/static.xx.fbcdn.net\/images\/emoji.php\/v9\/t34\/1\/16\/23f0.png\"> 08:12 Uhr<\/p>\n\n\n\n<p class=\"wp-block-paragraph\"><img loading=\"lazy\" decoding=\"async\" height=\"16\" width=\"16\" alt=\"&#x1f4cd;\" src=\"https:\/\/static.xx.fbcdn.net\/images\/emoji.php\/v9\/t2d\/1\/16\/1f4cd.png\"> Ortslage Volkmarode<\/p>\n\n\n\n<p class=\"wp-block-paragraph\"><img loading=\"lazy\" decoding=\"async\" height=\"16\" width=\"16\" alt=\"&#x2692;&#xfe0f;\" src=\"https:\/\/static.xx.fbcdn.net\/images\/emoji.php\/v9\/t6\/1\/16\/2692.png\"> Wasserschaden <\/p>\n\n\n\n<p class=\"wp-block-paragraph\"><img loading=\"lazy\" decoding=\"async\" height=\"16\" width=\"16\" alt=\"&#x1f692;\" src=\"https:\/\/static.xx.fbcdn.net\/images\/emoji.php\/v9\/t67\/1\/16\/1f692.png\"> Ortsfeuerwehr Volkmarode (Einsatzabbruch) <\/p>\n\n\n\n<p class=\"wp-block-paragraph\"><img loading=\"lazy\" decoding=\"async\" height=\"16\" width=\"16\" alt=\"&#x1f692;\" src=\"https:\/\/static.xx.fbcdn.net\/images\/emoji.php\/v9\/t67\/1\/16\/1f692.png\"> Umweltzug Berufsfeuerwehr Braunschweig (Symbolbild)<\/p>\n\n\n\n<p class=\"wp-block-paragraph\">\u00d7 Gef\u00e4llt Mir Angaben dienen lediglich der Berichterstattung \u00d7 <\/p>\n\n\n\n<p class=\"wp-block-paragraph\"><a href=\"https:\/\/www.facebook.com\/hashtag\/ffw?__eep__=6&amp;__cft__[0]=AZVUcjE_hn0XfEgBTJ3dtz18mTDn6FS0hgVHJJakphp7aZXv2AdBddg747TDd-aNKzSJmq1EbAizqYawPAKCdMCNAzg4KK7bOqWIkPyuGTOJgFg7-p1JdcvNbrRUEJrLFRRtq9tSspToTQslkRAqWKX8camFI5NxKCjQnLfwGwk12NSP2gSFAiMIl1rKH0N2qHA&amp;__tn__=*NK-R\">#ffw<\/a><a href=\"https:\/\/www.facebook.com\/hashtag\/freiwilligefeuerwehr?__eep__=6&amp;__cft__[0]=AZVUcjE_hn0XfEgBTJ3dtz18mTDn6FS0hgVHJJakphp7aZXv2AdBddg747TDd-aNKzSJmq1EbAizqYawPAKCdMCNAzg4KK7bOqWIkPyuGTOJgFg7-p1JdcvNbrRUEJrLFRRtq9tSspToTQslkRAqWKX8camFI5NxKCjQnLfwGwk12NSP2gSFAiMIl1rKH0N2qHA&amp;__tn__=*NK-R\">#freiwilligefeuerwehr<\/a><a href=\"https:\/\/www.facebook.com\/hashtag\/freiwilligefeuerwehrvolkmarode?__eep__=6&amp;__cft__[0]=AZVUcjE_hn0XfEgBTJ3dtz18mTDn6FS0hgVHJJakphp7aZXv2AdBddg747TDd-aNKzSJmq1EbAizqYawPAKCdMCNAzg4KK7bOqWIkPyuGTOJgFg7-p1JdcvNbrRUEJrLFRRtq9tSspToTQslkRAqWKX8camFI5NxKCjQnLfwGwk12NSP2gSFAiMIl1rKH0N2qHA&amp;__tn__=*NK-R\">#freiwilligefeuerwehrvolkmarode<\/a><a href=\"https:\/\/www.facebook.com\/hashtag\/ffwvolkmarode?__eep__=6&amp;__cft__[0]=AZVUcjE_hn0XfEgBTJ3dtz18mTDn6FS0hgVHJJakphp7aZXv2AdBddg747TDd-aNKzSJmq1EbAizqYawPAKCdMCNAzg4KK7bOqWIkPyuGTOJgFg7-p1JdcvNbrRUEJrLFRRtq9tSspToTQslkRAqWKX8camFI5NxKCjQnLfwGwk12NSP2gSFAiMIl1rKH0N2qHA&amp;__tn__=*NK-R\">#ffwvolkmarode<\/a><a href=\"https:\/\/www.facebook.com\/hashtag\/ehrenamt?__eep__=6&amp;__cft__[0]=AZVUcjE_hn0XfEgBTJ3dtz18mTDn6FS0hgVHJJakphp7aZXv2AdBddg747TDd-aNKzSJmq1EbAizqYawPAKCdMCNAzg4KK7bOqWIkPyuGTOJgFg7-p1JdcvNbrRUEJrLFRRtq9tSspToTQslkRAqWKX8camFI5NxKCjQnLfwGwk12NSP2gSFAiMIl1rKH0N2qHA&amp;__tn__=*NK-R\">#ehrenamt<\/a><\/p>\n\n\n\n<p class=\"wp-block-paragraph\"><a href=\"https:\/\/www.facebook.com\/hashtag\/leidenschaft?__eep__=6&amp;__cft__[0]=AZVUcjE_hn0XfEgBTJ3dtz18mTDn6FS0hgVHJJakphp7aZXv2AdBddg747TDd-aNKzSJmq1EbAizqYawPAKCdMCNAzg4KK7bOqWIkPyuGTOJgFg7-p1JdcvNbrRUEJrLFRRtq9tSspToTQslkRAqWKX8camFI5NxKCjQnLfwGwk12NSP2gSFAiMIl1rKH0N2qHA&amp;__tn__=*NK-R\">#leidenschaft<\/a><a href=\"https:\/\/www.facebook.com\/hashtag\/blaulicht?__eep__=6&amp;__cft__[0]=AZVUcjE_hn0XfEgBTJ3dtz18mTDn6FS0hgVHJJakphp7aZXv2AdBddg747TDd-aNKzSJmq1EbAizqYawPAKCdMCNAzg4KK7bOqWIkPyuGTOJgFg7-p1JdcvNbrRUEJrLFRRtq9tSspToTQslkRAqWKX8camFI5NxKCjQnLfwGwk12NSP2gSFAiMIl1rKH0N2qHA&amp;__tn__=*NK-R\">#blaulicht<\/a><a href=\"https:\/\/www.facebook.com\/hashtag\/einsatz?__eep__=6&amp;__cft__[0]=AZVUcjE_hn0XfEgBTJ3dtz18mTDn6FS0hgVHJJakphp7aZXv2AdBddg747TDd-aNKzSJmq1EbAizqYawPAKCdMCNAzg4KK7bOqWIkPyuGTOJgFg7-p1JdcvNbrRUEJrLFRRtq9tSspToTQslkRAqWKX8camFI5NxKCjQnLfwGwk12NSP2gSFAiMIl1rKH0N2qHA&amp;__tn__=*NK-R\">#einsatz<\/a><a href=\"https:\/\/www.facebook.com\/hashtag\/feuerwehrbraunschweig?__eep__=6&amp;__cft__[0]=AZVUcjE_hn0XfEgBTJ3dtz18mTDn6FS0hgVHJJakphp7aZXv2AdBddg747TDd-aNKzSJmq1EbAizqYawPAKCdMCNAzg4KK7bOqWIkPyuGTOJgFg7-p1JdcvNbrRUEJrLFRRtq9tSspToTQslkRAqWKX8camFI5NxKCjQnLfwGwk12NSP2gSFAiMIl1rKH0N2qHA&amp;__tn__=*NK-R\">#feuerwehrbraunschweig<\/a><a href=\"https:\/\/www.facebook.com\/hashtag\/ffwbraunschweig?__eep__=6&amp;__cft__[0]=AZVUcjE_hn0XfEgBTJ3dtz18mTDn6FS0hgVHJJakphp7aZXv2AdBddg747TDd-aNKzSJmq1EbAizqYawPAKCdMCNAzg4KK7bOqWIkPyuGTOJgFg7-p1JdcvNbrRUEJrLFRRtq9tSspToTQslkRAqWKX8camFI5NxKCjQnLfwGwk12NSP2gSFAiMIl1rKH0N2qHA&amp;__tn__=*NK-R\">#ffwbraunschweig<\/a><\/p>\n\n\n\n<p class=\"wp-block-paragraph\"><a href=\"https:\/\/www.facebook.com\/hashtag\/unserefreizeitfu%CC%88rihresicherheit?__eep__=6&amp;__cft__[0]=AZVUcjE_hn0XfEgBTJ3dtz18mTDn6FS0hgVHJJakphp7aZXv2AdBddg747TDd-aNKzSJmq1EbAizqYawPAKCdMCNAzg4KK7bOqWIkPyuGTOJgFg7-p1JdcvNbrRUEJrLFRRtq9tSspToTQslkRAqWKX8camFI5NxKCjQnLfwGwk12NSP2gSFAiMIl1rKH0N2qHA&amp;__tn__=*NK-R\">#unserefreizeitf\u00fcrihresicherheit<\/a><a href=\"https:\/\/www.facebook.com\/hashtag\/feuerwehr?__eep__=6&amp;__cft__[0]=AZVUcjE_hn0XfEgBTJ3dtz18mTDn6FS0hgVHJJakphp7aZXv2AdBddg747TDd-aNKzSJmq1EbAizqYawPAKCdMCNAzg4KK7bOqWIkPyuGTOJgFg7-p1JdcvNbrRUEJrLFRRtq9tSspToTQslkRAqWKX8camFI5NxKCjQnLfwGwk12NSP2gSFAiMIl1rKH0N2qHA&amp;__tn__=*NK-R\">#feuerwehr<\/a><a href=\"https:\/\/www.facebook.com\/hashtag\/rettenlo%CC%88schenbergenschu%CC%88tzen?__eep__=6&amp;__cft__[0]=AZVUcjE_hn0XfEgBTJ3dtz18mTDn6FS0hgVHJJakphp7aZXv2AdBddg747TDd-aNKzSJmq1EbAizqYawPAKCdMCNAzg4KK7bOqWIkPyuGTOJgFg7-p1JdcvNbrRUEJrLFRRtq9tSspToTQslkRAqWKX8camFI5NxKCjQnLfwGwk12NSP2gSFAiMIl1rKH0N2qHA&amp;__tn__=*NK-R\">#rettenl\u00f6schenbergensch\u00fctzen<\/a><a href=\"https:\/\/www.facebook.com\/hashtag\/kameradschaft?__eep__=6&amp;__cft__[0]=AZVUcjE_hn0XfEgBTJ3dtz18mTDn6FS0hgVHJJakphp7aZXv2AdBddg747TDd-aNKzSJmq1EbAizqYawPAKCdMCNAzg4KK7bOqWIkPyuGTOJgFg7-p1JdcvNbrRUEJrLFRRtq9tSspToTQslkRAqWKX8camFI5NxKCjQnLfwGwk12NSP2gSFAiMIl1rKH0N2qHA&amp;__tn__=*NK-R\">#kameradschaft<\/a><a href=\"https:\/\/www.facebook.com\/hashtag\/einefamilie?__eep__=6&amp;__cft__[0]=AZVUcjE_hn0XfEgBTJ3dtz18mTDn6FS0hgVHJJakphp7aZXv2AdBddg747TDd-aNKzSJmq1EbAizqYawPAKCdMCNAzg4KK7bOqWIkPyuGTOJgFg7-p1JdcvNbrRUEJrLFRRtq9tSspToTQslkRAqWKX8camFI5NxKCjQnLfwGwk12NSP2gSFAiMIl1rKH0N2qHA&amp;__tn__=*NK-R\">#einefamilie<\/a><\/p>\n\n\n\n<p class=\"wp-block-paragraph\"><a href=\"https:\/\/www.facebook.com\/hashtag\/of33?__eep__=6&amp;__cft__[0]=AZVUcjE_hn0XfEgBTJ3dtz18mTDn6FS0hgVHJJakphp7aZXv2AdBddg747TDd-aNKzSJmq1EbAizqYawPAKCdMCNAzg4KK7bOqWIkPyuGTOJgFg7-p1JdcvNbrRUEJrLFRRtq9tSspToTQslkRAqWKX8camFI5NxKCjQnLfwGwk12NSP2gSFAiMIl1rKH0N2qHA&amp;__tn__=*NK-R\">#of33<\/a><\/p>\n","protected":false},"author":3,"featured_media":49361,"template":"","meta":{"_monsterinsights_skip_tracking":false,"spay_email":"","einsatz_weight":1,"footnotes":"","jetpack_publicize_message":"","jetpack_is_tweetstorm":false,"jetpack_publicize_feature_enabled":true},"categories":[54],"tags":[],"einsatzart":[35],"fahrzeug":[32],"exteinsatzmittel":[],"alarmierungsart":[],"evw_unit":[],"class_list":["post-49562","einsatz","type-einsatz","status-publish","has-post-thumbnail","hentry","category-einsaetze","einsatzart-technische-hilfeleistung","fahrzeug-tankloeschfahrzeug-1624-tr"],"aioseo_notices":[],"aioseo_head":"\n\t\t<!-- All in One SEO 5.0.0.1 - aioseo.com -->\n\t<meta name=\"description\" content=\"Einsatz 02\/21 03.02.2021 08:12 Uhr Ortslage Volkmarode Wasserschaden Ortsfeuerwehr Volkmarode (Einsatzabbruch) Umweltzug Berufsfeuerwehr Braunschweig (Symbolbild) \u00d7 Gef\u00e4llt Mir Angaben dienen lediglich der Berichterstattung \u00d7 #ffw#freiwilligefeuerwehr#freiwilligefeuerwehrvolkmarode#ffwvolkmarode#ehrenamt #leidenschaft#blaulicht#einsatz#feuerwehrbraunschweig#ffwbraunschweig #unserefreizeitf\u00fcrihresicherheit#feuerwehr#rettenl\u00f6schenbergensch\u00fctzen#kameradschaft#einefamilie #of33\" \/>\n\t<meta name=\"robots\" content=\"max-image-preview:large\" \/>\n\t<meta name=\"author\" content=\"Claa\u00dfen\"\/>\n\t<link rel=\"canonical\" href=\"https:\/\/www.feuerwehr-volkmarode.de\/?einsatz=ws-wasserschaden\" \/>\n\t<meta name=\"generator\" content=\"All in One SEO (AIOSEO) 5.0.0.1\" \/>\n\t\t<meta property=\"og:locale\" content=\"de_DE\" \/>\n\t\t<meta property=\"og:site_name\" content=\"Freiwillige Feuerwehr Volkmarode - #OF33\" \/>\n\t\t<meta property=\"og:type\" content=\"article\" \/>\n\t\t<meta property=\"og:title\" content=\"WS\/ Wasserschaden - Freiwillige Feuerwehr Volkmarode\" \/>\n\t\t<meta property=\"og:description\" content=\"Einsatz 02\/21 03.02.2021 08:12 Uhr Ortslage Volkmarode Wasserschaden Ortsfeuerwehr Volkmarode (Einsatzabbruch) Umweltzug Berufsfeuerwehr Braunschweig (Symbolbild) \u00d7 Gef\u00e4llt Mir Angaben dienen lediglich der Berichterstattung \u00d7 #ffw#freiwilligefeuerwehr#freiwilligefeuerwehrvolkmarode#ffwvolkmarode#ehrenamt #leidenschaft#blaulicht#einsatz#feuerwehrbraunschweig#ffwbraunschweig #unserefreizeitf\u00fcrihresicherheit#feuerwehr#rettenl\u00f6schenbergensch\u00fctzen#kameradschaft#einefamilie #of33\" \/>\n\t\t<meta property=\"og:url\" content=\"https:\/\/www.feuerwehr-volkmarode.de\/?einsatz=ws-wasserschaden\" \/>\n\t\t<meta property=\"article:published_time\" content=\"2021-02-03T07:08:00+00:00\" \/>\n\t\t<meta property=\"article:modified_time\" content=\"2021-02-03T14:46:40+00:00\" \/>\n\t\t<meta name=\"twitter:card\" content=\"summary_large_image\" \/>\n\t\t<meta name=\"twitter:title\" content=\"WS\/ Wasserschaden - Freiwillige Feuerwehr Volkmarode\" \/>\n\t\t<meta name=\"twitter:description\" content=\"Einsatz 02\/21 03.02.2021 08:12 Uhr Ortslage Volkmarode Wasserschaden Ortsfeuerwehr Volkmarode (Einsatzabbruch) Umweltzug Berufsfeuerwehr Braunschweig (Symbolbild) \u00d7 Gef\u00e4llt Mir Angaben dienen lediglich der Berichterstattung \u00d7 #ffw#freiwilligefeuerwehr#freiwilligefeuerwehrvolkmarode#ffwvolkmarode#ehrenamt #leidenschaft#blaulicht#einsatz#feuerwehrbraunschweig#ffwbraunschweig #unserefreizeitf\u00fcrihresicherheit#feuerwehr#rettenl\u00f6schenbergensch\u00fctzen#kameradschaft#einefamilie #of33\" \/>\n\t\t<script type=\"application\/ld+json\" class=\"aioseo-schema\">\n\t\t\t{\"@context\":\"https:\\\/\\\/schema.org\",\"@graph\":[{\"@type\":\"BreadcrumbList\",\"@id\":\"https:\\\/\\\/www.feuerwehr-volkmarode.de\\\/?einsatz=ws-wasserschaden#breadcrumblist\",\"itemListElement\":[{\"@type\":\"ListItem\",\"@id\":\"https:\\\/\\\/www.feuerwehr-volkmarode.de#listItem\",\"position\":1,\"name\":\"Home\",\"item\":\"https:\\\/\\\/www.feuerwehr-volkmarode.de\",\"nextItem\":{\"@type\":\"ListItem\",\"@id\":\"https:\\\/\\\/www.feuerwehr-volkmarode.de\\\/?post_type=einsatz#listItem\",\"name\":\"Einsatzberichte\"}},{\"@type\":\"ListItem\",\"@id\":\"https:\\\/\\\/www.feuerwehr-volkmarode.de\\\/?post_type=einsatz#listItem\",\"position\":2,\"name\":\"Einsatzberichte\",\"item\":\"https:\\\/\\\/www.feuerwehr-volkmarode.de\\\/?post_type=einsatz\",\"nextItem\":{\"@type\":\"ListItem\",\"@id\":\"https:\\\/\\\/www.feuerwehr-volkmarode.de\\\/?cat=54#listItem\",\"name\":\"Eins\\u00e4tze\"},\"previousItem\":{\"@type\":\"ListItem\",\"@id\":\"https:\\\/\\\/www.feuerwehr-volkmarode.de#listItem\",\"name\":\"Home\"}},{\"@type\":\"ListItem\",\"@id\":\"https:\\\/\\\/www.feuerwehr-volkmarode.de\\\/?cat=54#listItem\",\"position\":3,\"name\":\"Eins\\u00e4tze\",\"item\":\"https:\\\/\\\/www.feuerwehr-volkmarode.de\\\/?cat=54\",\"nextItem\":{\"@type\":\"ListItem\",\"@id\":\"https:\\\/\\\/www.feuerwehr-volkmarode.de\\\/?einsatz=ws-wasserschaden#listItem\",\"name\":\"WS\\\/ Wasserschaden\"},\"previousItem\":{\"@type\":\"ListItem\",\"@id\":\"https:\\\/\\\/www.feuerwehr-volkmarode.de\\\/?post_type=einsatz#listItem\",\"name\":\"Einsatzberichte\"}},{\"@type\":\"ListItem\",\"@id\":\"https:\\\/\\\/www.feuerwehr-volkmarode.de\\\/?einsatz=ws-wasserschaden#listItem\",\"position\":4,\"name\":\"WS\\\/ Wasserschaden\",\"previousItem\":{\"@type\":\"ListItem\",\"@id\":\"https:\\\/\\\/www.feuerwehr-volkmarode.de\\\/?cat=54#listItem\",\"name\":\"Eins\\u00e4tze\"}}]},{\"@type\":\"Organization\",\"@id\":\"https:\\\/\\\/www.feuerwehr-volkmarode.de\\\/#organization\",\"name\":\"Freiwillige Feuerwehr Volkmarode\",\"description\":\"#OF33\",\"url\":\"https:\\\/\\\/www.feuerwehr-volkmarode.de\\\/\"},{\"@type\":\"Person\",\"@id\":\"https:\\\/\\\/www.feuerwehr-volkmarode.de\\\/?author=3#author\",\"url\":\"https:\\\/\\\/www.feuerwehr-volkmarode.de\\\/?author=3\",\"name\":\"Claa\\u00dfen\"},{\"@type\":\"WebPage\",\"@id\":\"https:\\\/\\\/www.feuerwehr-volkmarode.de\\\/?einsatz=ws-wasserschaden#webpage\",\"url\":\"https:\\\/\\\/www.feuerwehr-volkmarode.de\\\/?einsatz=ws-wasserschaden\",\"name\":\"WS\\\/ Wasserschaden - Freiwillige Feuerwehr Volkmarode\",\"description\":\"Einsatz 02\\\/21 03.02.2021 08:12 Uhr Ortslage Volkmarode Wasserschaden Ortsfeuerwehr Volkmarode (Einsatzabbruch) Umweltzug Berufsfeuerwehr Braunschweig (Symbolbild) \\u00d7 Gef\\u00e4llt Mir Angaben dienen lediglich der Berichterstattung \\u00d7 #ffw#freiwilligefeuerwehr#freiwilligefeuerwehrvolkmarode#ffwvolkmarode#ehrenamt #leidenschaft#blaulicht#einsatz#feuerwehrbraunschweig#ffwbraunschweig #unserefreizeitf\\u00fcrihresicherheit#feuerwehr#rettenl\\u00f6schenbergensch\\u00fctzen#kameradschaft#einefamilie #of33\",\"inLanguage\":\"de-DE\",\"isPartOf\":{\"@id\":\"https:\\\/\\\/www.feuerwehr-volkmarode.de\\\/#website\"},\"breadcrumb\":{\"@id\":\"https:\\\/\\\/www.feuerwehr-volkmarode.de\\\/?einsatz=ws-wasserschaden#breadcrumblist\"},\"author\":{\"@id\":\"https:\\\/\\\/www.feuerwehr-volkmarode.de\\\/?author=3#author\"},\"creator\":{\"@id\":\"https:\\\/\\\/www.feuerwehr-volkmarode.de\\\/?author=3#author\"},\"image\":{\"@type\":\"ImageObject\",\"url\":\"https:\\\/\\\/www.feuerwehr-volkmarode.de\\\/wp-content\\\/uploads\\\/2020\\\/12\\\/verteiler-e1608056309561.jpg\",\"@id\":\"https:\\\/\\\/www.feuerwehr-volkmarode.de\\\/?einsatz=ws-wasserschaden\\\/#mainImage\",\"width\":300,\"height\":300},\"primaryImageOfPage\":{\"@id\":\"https:\\\/\\\/www.feuerwehr-volkmarode.de\\\/?einsatz=ws-wasserschaden#mainImage\"},\"datePublished\":\"2021-02-03T08:08:00+01:00\",\"dateModified\":\"2021-02-03T15:46:40+01:00\"},{\"@type\":\"WebSite\",\"@id\":\"https:\\\/\\\/www.feuerwehr-volkmarode.de\\\/#website\",\"url\":\"https:\\\/\\\/www.feuerwehr-volkmarode.de\\\/\",\"name\":\"Freiwillige Feuerwehr Volkmarode\",\"description\":\"#OF33\",\"inLanguage\":\"de-DE\",\"publisher\":{\"@id\":\"https:\\\/\\\/www.feuerwehr-volkmarode.de\\\/#organization\"}}]}\n\t\t<\/script>\n\t\t<!-- All in One SEO -->\n\n","aioseo_head_json":{"title":"WS\/ Wasserschaden - Freiwillige Feuerwehr Volkmarode","description":"Einsatz 02\/21 03.02.2021 08:12 Uhr Ortslage Volkmarode Wasserschaden Ortsfeuerwehr Volkmarode (Einsatzabbruch) Umweltzug Berufsfeuerwehr Braunschweig (Symbolbild) \u00d7 Gef\u00e4llt Mir Angaben dienen lediglich der Berichterstattung \u00d7 #ffw#freiwilligefeuerwehr#freiwilligefeuerwehrvolkmarode#ffwvolkmarode#ehrenamt #leidenschaft#blaulicht#einsatz#feuerwehrbraunschweig#ffwbraunschweig #unserefreizeitf\u00fcrihresicherheit#feuerwehr#rettenl\u00f6schenbergensch\u00fctzen#kameradschaft#einefamilie #of33","canonical_url":"https:\/\/www.feuerwehr-volkmarode.de\/?einsatz=ws-wasserschaden","robots":"max-image-preview:large","keywords":"","webmasterTools":{"miscellaneous":""},"schema":{"@context":"https:\/\/schema.org","@graph":[{"@type":"BreadcrumbList","@id":"https:\/\/www.feuerwehr-volkmarode.de\/?einsatz=ws-wasserschaden#breadcrumblist","itemListElement":[{"@type":"ListItem","@id":"https:\/\/www.feuerwehr-volkmarode.de#listItem","position":1,"name":"Home","item":"https:\/\/www.feuerwehr-volkmarode.de","nextItem":{"@type":"ListItem","@id":"https:\/\/www.feuerwehr-volkmarode.de\/?post_type=einsatz#listItem","name":"Einsatzberichte"}},{"@type":"ListItem","@id":"https:\/\/www.feuerwehr-volkmarode.de\/?post_type=einsatz#listItem","position":2,"name":"Einsatzberichte","item":"https:\/\/www.feuerwehr-volkmarode.de\/?post_type=einsatz","nextItem":{"@type":"ListItem","@id":"https:\/\/www.feuerwehr-volkmarode.de\/?cat=54#listItem","name":"Eins\u00e4tze"},"previousItem":{"@type":"ListItem","@id":"https:\/\/www.feuerwehr-volkmarode.de#listItem","name":"Home"}},{"@type":"ListItem","@id":"https:\/\/www.feuerwehr-volkmarode.de\/?cat=54#listItem","position":3,"name":"Eins\u00e4tze","item":"https:\/\/www.feuerwehr-volkmarode.de\/?cat=54","nextItem":{"@type":"ListItem","@id":"https:\/\/www.feuerwehr-volkmarode.de\/?einsatz=ws-wasserschaden#listItem","name":"WS\/ Wasserschaden"},"previousItem":{"@type":"ListItem","@id":"https:\/\/www.feuerwehr-volkmarode.de\/?post_type=einsatz#listItem","name":"Einsatzberichte"}},{"@type":"ListItem","@id":"https:\/\/www.feuerwehr-volkmarode.de\/?einsatz=ws-wasserschaden#listItem","position":4,"name":"WS\/ Wasserschaden","previousItem":{"@type":"ListItem","@id":"https:\/\/www.feuerwehr-volkmarode.de\/?cat=54#listItem","name":"Eins\u00e4tze"}}]},{"@type":"Organization","@id":"https:\/\/www.feuerwehr-volkmarode.de\/#organization","name":"Freiwillige Feuerwehr Volkmarode","description":"#OF33","url":"https:\/\/www.feuerwehr-volkmarode.de\/"},{"@type":"Person","@id":"https:\/\/www.feuerwehr-volkmarode.de\/?author=3#author","url":"https:\/\/www.feuerwehr-volkmarode.de\/?author=3","name":"Claa\u00dfen"},{"@type":"WebPage","@id":"https:\/\/www.feuerwehr-volkmarode.de\/?einsatz=ws-wasserschaden#webpage","url":"https:\/\/www.feuerwehr-volkmarode.de\/?einsatz=ws-wasserschaden","name":"WS\/ Wasserschaden - Freiwillige Feuerwehr Volkmarode","description":"Einsatz 02\/21 03.02.2021 08:12 Uhr Ortslage Volkmarode Wasserschaden Ortsfeuerwehr Volkmarode (Einsatzabbruch) Umweltzug Berufsfeuerwehr Braunschweig (Symbolbild) \u00d7 Gef\u00e4llt Mir Angaben dienen lediglich der Berichterstattung \u00d7 #ffw#freiwilligefeuerwehr#freiwilligefeuerwehrvolkmarode#ffwvolkmarode#ehrenamt #leidenschaft#blaulicht#einsatz#feuerwehrbraunschweig#ffwbraunschweig #unserefreizeitf\u00fcrihresicherheit#feuerwehr#rettenl\u00f6schenbergensch\u00fctzen#kameradschaft#einefamilie #of33","inLanguage":"de-DE","isPartOf":{"@id":"https:\/\/www.feuerwehr-volkmarode.de\/#website"},"breadcrumb":{"@id":"https:\/\/www.feuerwehr-volkmarode.de\/?einsatz=ws-wasserschaden#breadcrumblist"},"author":{"@id":"https:\/\/www.feuerwehr-volkmarode.de\/?author=3#author"},"creator":{"@id":"https:\/\/www.feuerwehr-volkmarode.de\/?author=3#author"},"image":{"@type":"ImageObject","url":"https:\/\/www.feuerwehr-volkmarode.de\/wp-content\/uploads\/2020\/12\/verteiler-e1608056309561.jpg","@id":"https:\/\/www.feuerwehr-volkmarode.de\/?einsatz=ws-wasserschaden\/#mainImage","width":300,"height":300},"primaryImageOfPage":{"@id":"https:\/\/www.feuerwehr-volkmarode.de\/?einsatz=ws-wasserschaden#mainImage"},"datePublished":"2021-02-03T08:08:00+01:00","dateModified":"2021-02-03T15:46:40+01:00"},{"@type":"WebSite","@id":"https:\/\/www.feuerwehr-volkmarode.de\/#website","url":"https:\/\/www.feuerwehr-volkmarode.de\/","name":"Freiwillige Feuerwehr Volkmarode","description":"#OF33","inLanguage":"de-DE","publisher":{"@id":"https:\/\/www.feuerwehr-volkmarode.de\/#organization"}}]},"og:locale":"de_DE","og:site_name":"Freiwillige Feuerwehr Volkmarode - #OF33","og:type":"article","og:title":"WS\/ Wasserschaden - Freiwillige Feuerwehr Volkmarode","og:description":"Einsatz 02\/21 03.02.2021 08:12 Uhr Ortslage Volkmarode Wasserschaden Ortsfeuerwehr Volkmarode (Einsatzabbruch) Umweltzug Berufsfeuerwehr Braunschweig (Symbolbild) \u00d7 Gef\u00e4llt Mir Angaben dienen lediglich der Berichterstattung \u00d7 #ffw#freiwilligefeuerwehr#freiwilligefeuerwehrvolkmarode#ffwvolkmarode#ehrenamt #leidenschaft#blaulicht#einsatz#feuerwehrbraunschweig#ffwbraunschweig #unserefreizeitf\u00fcrihresicherheit#feuerwehr#rettenl\u00f6schenbergensch\u00fctzen#kameradschaft#einefamilie #of33","og:url":"https:\/\/www.feuerwehr-volkmarode.de\/?einsatz=ws-wasserschaden","article:published_time":"2021-02-03T07:08:00+00:00","article:modified_time":"2021-02-03T14:46:40+00:00","twitter:card":"summary_large_image","twitter:title":"WS\/ Wasserschaden - Freiwillige Feuerwehr Volkmarode","twitter:description":"Einsatz 02\/21 03.02.2021 08:12 Uhr Ortslage Volkmarode Wasserschaden Ortsfeuerwehr Volkmarode (Einsatzabbruch) Umweltzug Berufsfeuerwehr Braunschweig (Symbolbild) \u00d7 Gef\u00e4llt Mir Angaben dienen lediglich der Berichterstattung \u00d7 #ffw#freiwilligefeuerwehr#freiwilligefeuerwehrvolkmarode#ffwvolkmarode#ehrenamt #leidenschaft#blaulicht#einsatz#feuerwehrbraunschweig#ffwbraunschweig #unserefreizeitf\u00fcrihresicherheit#feuerwehr#rettenl\u00f6schenbergensch\u00fctzen#kameradschaft#einefamilie #of33"},"aioseo_meta_data":{"post_id":"49562","title":null,"description":null,"keywords":null,"keyphrases":null,"primary_term":null,"canonical_url":null,"og_title":null,"og_description":null,"og_object_type":"default","og_image_type":"default","og_image_url":null,"og_image_width":null,"og_image_height":null,"og_image_custom_url":null,"og_image_custom_fields":null,"og_video":null,"og_custom_url":null,"og_article_section":null,"og_article_tags":null,"twitter_use_og":false,"twitter_card":"default","twitter_image_type":"default","twitter_image_url":null,"twitter_image_custom_url":null,"twitter_image_custom_fields":null,"twitter_title":null,"twitter_description":null,"schema":{"blockGraphs":[],"customGraphs":[],"default":{"data":{"Article":[],"Course":[],"Dataset":[],"FAQPage":[],"Movie":[],"Person":[],"Product":[],"ProductReview":[],"Car":[],"Recipe":[],"Service":[],"SoftwareApplication":[],"WebPage":[]},"graphName":"","isEnabled":true},"graphs":[]},"schema_type":"default","schema_type_options":null,"pillar_content":false,"robots_default":true,"robots_noindex":false,"robots_noarchive":false,"robots_nosnippet":false,"robots_nofollow":false,"robots_noimageindex":false,"robots_noodp":false,"robots_notranslate":false,"robots_max_snippet":null,"robots_max_videopreview":null,"robots_max_imagepreview":"large","priority":null,"frequency":null,"local_seo":null,"breadcrumb_settings":null,"limit_modified_date":false,"ai":null,"created":"2025-11-19 17:45:18","updated":"2025-11-19 17:45:18","focus_keyword":null,"additional_keywords":null,"truseo_locale":null,"seo_analyzer_scan_date":null},"aioseo_breadcrumb":"<div class=\"aioseo-breadcrumbs\"><span class=\"aioseo-breadcrumb\">\n\t\t\t<a href=\"https:\/\/www.feuerwehr-volkmarode.de\" title=\"Home\">Home<\/a>\n\t\t<\/span><span class=\"aioseo-breadcrumb-separator\">&raquo;<\/span><span class=\"aioseo-breadcrumb\">\n\t\t\t<a href=\"https:\/\/www.feuerwehr-volkmarode.de\/?post_type=einsatz\" title=\"Einsatzberichte\">Einsatzberichte<\/a>\n\t\t<\/span><span class=\"aioseo-breadcrumb-separator\">&raquo;<\/span><span class=\"aioseo-breadcrumb\">\n\t\t\t<a href=\"https:\/\/www.feuerwehr-volkmarode.de\/?cat=54\" title=\"Eins\u00e4tze\">Eins\u00e4tze<\/a>\n\t\t<\/span><span class=\"aioseo-breadcrumb-separator\">&raquo;<\/span><span class=\"aioseo-breadcrumb\">\n\t\t\tWS\/ Wasserschaden\n\t\t<\/span><\/div>","aioseo_breadcrumb_json":[{"label":"Home","link":"https:\/\/www.feuerwehr-volkmarode.de"},{"label":"Einsatzberichte","link":"https:\/\/www.feuerwehr-volkmarode.de\/?post_type=einsatz"},{"label":"Eins\u00e4tze","link":"https:\/\/www.feuerwehr-volkmarode.de\/?cat=54"},{"label":"WS\/ Wasserschaden","link":"https:\/\/www.feuerwehr-volkmarode.de\/?einsatz=ws-wasserschaden"}],"jetpack_publicize_connections":[],"jetpack_sharing_enabled":true,"_links":{"self":[{"href":"https:\/\/www.feuerwehr-volkmarode.de\/index.php?rest_route=\/wp\/v2\/einsatz\/49562","targetHints":{"allow":["GET"]}}],"collection":[{"href":"https:\/\/www.feuerwehr-volkmarode.de\/index.php?rest_route=\/wp\/v2\/einsatz"}],"about":[{"href":"https:\/\/www.feuerwehr-volkmarode.de\/index.php?rest_route=\/wp\/v2\/types\/einsatz"}],"author":[{"embeddable":true,"href":"https:\/\/www.feuerwehr-volkmarode.de\/index.php?rest_route=\/wp\/v2\/users\/3"}],"version-history":[{"count":5,"href":"https:\/\/www.feuerwehr-volkmarode.de\/index.php?rest_route=\/wp\/v2\/einsatz\/49562\/revisions"}],"predecessor-version":[{"id":49567,"href":"https:\/\/www.feuerwehr-volkmarode.de\/index.php?rest_route=\/wp\/v2\/einsatz\/49562\/revisions\/49567"}],"wp:featuredmedia":[{"embeddable":true,"href":"https:\/\/www.feuerwehr-volkmarode.de\/index.php?rest_route=\/wp\/v2\/media\/49361"}],"wp:attachment":[{"href":"https:\/\/www.feuerwehr-volkmarode.de\/index.php?rest_route=%2Fwp%2Fv2%2Fmedia&parent=49562"}],"wp:term":[{"taxonomy":"category","embeddable":true,"href":"https:\/\/www.feuerwehr-volkmarode.de\/index.php?rest_route=%2Fwp%2Fv2%2Fcategories&post=49562"},{"taxonomy":"post_tag","embeddable":true,"href":"https:\/\/www.feuerwehr-volkmarode.de\/index.php?rest_route=%2Fwp%2Fv2%2Ftags&post=49562"},{"taxonomy":"einsatzart","embeddable":true,"href":"https:\/\/www.feuerwehr-volkmarode.de\/index.php?rest_route=%2Fwp%2Fv2%2Feinsatzart&post=49562"},{"taxonomy":"fahrzeug","embeddable":true,"href":"https:\/\/www.feuerwehr-volkmarode.de\/index.php?rest_route=%2Fwp%2Fv2%2Ffahrzeug&post=49562"},{"taxonomy":"exteinsatzmittel","embeddable":true,"href":"https:\/\/www.feuerwehr-volkmarode.de\/index.php?rest_route=%2Fwp%2Fv2%2Fexteinsatzmittel&post=49562"},{"taxonomy":"alarmierungsart","embeddable":true,"href":"https:\/\/www.feuerwehr-volkmarode.de\/index.php?rest_route=%2Fwp%2Fv2%2Falarmierungsart&post=49562"},{"taxonomy":"evw_unit","embeddable":true,"href":"https:\/\/www.feuerwehr-volkmarode.de\/index.php?rest_route=%2Fwp%2Fv2%2Fevw_unit&post=49562"}],"curies":[{"name":"wp","href":"https:\/\/api.w.org\/{rel}","templated":true}]}}