{"id":1269,"date":"2018-12-24T12:28:00","date_gmt":"2018-12-24T11:28:00","guid":{"rendered":"http:\/\/www.feuerwehr-volkmarode.de\/?post_type=einsatz&#038;p=1269"},"modified":"2020-08-22T16:03:24","modified_gmt":"2020-08-22T14:03:24","slug":"einsatz-40","status":"publish","type":"einsatz","link":"https:\/\/www.feuerwehr-volkmarode.de\/?einsatz=einsatz-40","title":{"rendered":"\u00d6L1 (\u00d6lspur-klein)"},"content":{"rendered":"<p>Am 24.12.2018 gegen 12:30, ert\u00f6nten unsere Funkmeldeempf\u00e4nger mit dem Stichwort \u00d6L1 (\u00d6lspur-klein). Unser TLF und unser MTF machten sich umgehend auf den Weg Richtung Einsatzstelle.&nbsp;<br \/>\nVorort waren bereits die Kameraden der Berufsfeuerwehr dabei die ca. 200m\u00b2 gro\u00dfe \u00d6lspur zu beseitigen.&nbsp;<br \/>\n<span style=\"font-size: 0.95em;\">Nach etwa 2h war der Einsatz abgearbeitet und wir konnten ins Feuerwehrger\u00e4tehaus einr\u00fccken. <\/span>&#x1f468;&#x1f3fd;&#x200d;&#x1f692;<span style=\"font-size: 0.95em;\">1\/3<\/span><\/p>\n<p>&#x1f692; TLF 16\/24 Tr. 9-21-33<br \/>\n&#x1f692; MTF 9-19-33&nbsp;<br \/>\nBerufsfeuerwehr:<br \/>\n&#x1f692; C Dienst 01\/11-01<br \/>\n&#x1f692; KLAF 01\/50-01<\/p>\n<p>&nbsp;<\/p>\n<p>&nbsp;<a href=\"https:\/\/www.instagram.com\/explore\/tags\/volkmarode\/\">#volkmarode<\/a><a href=\"https:\/\/www.instagram.com\/explore\/tags\/ehrenamt\/\">#ehrenamt<\/a>&nbsp;<a href=\"https:\/\/www.instagram.com\/explore\/tags\/freiwilligefeuerwehr\/\">#freiwilligefeuerwehr<\/a><a href=\"https:\/\/www.instagram.com\/explore\/tags\/braunschweig\/\">#braunschweig<\/a>&nbsp;<a href=\"https:\/\/www.instagram.com\/explore\/tags\/112\/\">#112<\/a>&nbsp;<a href=\"https:\/\/www.instagram.com\/explore\/tags\/ffwvolkmarode\/\">#ffwvolkmarode<\/a><a href=\"https:\/\/www.instagram.com\/explore\/tags\/einsatz\/\">#einsatz<\/a><\/p>\n<p>&nbsp;<\/p>\n<p>&nbsp;<\/p>\n<p><a style=\"font-weight: bold; text-align: center; font-size: 0.95em;\" href=\"http:\/\/www.feuerwehr-volkmarode.de\/wp-content\/uploads\/2018\/12\/IMG_20181224_140708.jpg\"><img loading=\"lazy\" class=\"wp-image-1267 size-full\" src=\"http:\/\/www.feuerwehr-volkmarode.de\/wp-content\/uploads\/2018\/12\/IMG_20181224_140708.jpg\" alt=\"\" width=\"3968\" height=\"2976\" srcset=\"https:\/\/www.feuerwehr-volkmarode.de\/wp-content\/uploads\/2018\/12\/IMG_20181224_140708.jpg 3968w, https:\/\/www.feuerwehr-volkmarode.de\/wp-content\/uploads\/2018\/12\/IMG_20181224_140708-300x225.jpg 300w, https:\/\/www.feuerwehr-volkmarode.de\/wp-content\/uploads\/2018\/12\/IMG_20181224_140708-768x576.jpg 768w, https:\/\/www.feuerwehr-volkmarode.de\/wp-content\/uploads\/2018\/12\/IMG_20181224_140708-1024x768.jpg 1024w\" sizes=\"(max-width: 3968px) 100vw, 3968px\" \/><\/a><\/p>\n<p>&nbsp;<\/p>\n<p>&nbsp;<\/p>\n<figure id=\"attachment_1267\" aria-describedby=\"caption-attachment-1267\" style=\"width: 3968px\" class=\"wp-caption alignnone\"><a href=\"http:\/\/www.feuerwehr-volkmarode.de\/wp-content\/uploads\/2018\/12\/IMG_20181224_140708.jpg\"><img loading=\"lazy\" class=\"wp-image-1267 size-full\" src=\"http:\/\/www.feuerwehr-volkmarode.de\/wp-content\/uploads\/2018\/12\/IMG_20181224_140708.jpg\" alt=\"\" width=\"3968\" height=\"2976\" srcset=\"https:\/\/www.feuerwehr-volkmarode.de\/wp-content\/uploads\/2018\/12\/IMG_20181224_140708.jpg 3968w, https:\/\/www.feuerwehr-volkmarode.de\/wp-content\/uploads\/2018\/12\/IMG_20181224_140708-300x225.jpg 300w, https:\/\/www.feuerwehr-volkmarode.de\/wp-content\/uploads\/2018\/12\/IMG_20181224_140708-768x576.jpg 768w, https:\/\/www.feuerwehr-volkmarode.de\/wp-content\/uploads\/2018\/12\/IMG_20181224_140708-1024x768.jpg 1024w\" sizes=\"(max-width: 3968px) 100vw, 3968px\" \/><\/a><figcaption id=\"caption-attachment-1267\" class=\"wp-caption-text\">&nbsp;<\/figcaption><\/figure>\n<p>&nbsp;<\/p>\n","protected":false},"author":3,"featured_media":1266,"template":"","meta":{"_monsterinsights_skip_tracking":false,"_monsterinsights_sitenote_active":false,"_monsterinsights_sitenote_note":"","_monsterinsights_sitenote_category":0,"spay_email":"","einsatz_weight":1,"jetpack_publicize_message":"","jetpack_is_tweetstorm":false,"jetpack_publicize_feature_enabled":true},"categories":[54],"tags":[110],"einsatzart":[35],"fahrzeug":[34,32],"exteinsatzmittel":[],"alarmierungsart":[103,88],"evw_unit":[],"aioseo_notices":[],"jetpack_publicize_connections":[],"jetpack_sharing_enabled":true,"_links":{"self":[{"href":"https:\/\/www.feuerwehr-volkmarode.de\/index.php?rest_route=\/wp\/v2\/einsatz\/1269"}],"collection":[{"href":"https:\/\/www.feuerwehr-volkmarode.de\/index.php?rest_route=\/wp\/v2\/einsatz"}],"about":[{"href":"https:\/\/www.feuerwehr-volkmarode.de\/index.php?rest_route=\/wp\/v2\/types\/einsatz"}],"author":[{"embeddable":true,"href":"https:\/\/www.feuerwehr-volkmarode.de\/index.php?rest_route=\/wp\/v2\/users\/3"}],"version-history":[{"count":2,"href":"https:\/\/www.feuerwehr-volkmarode.de\/index.php?rest_route=\/wp\/v2\/einsatz\/1269\/revisions"}],"predecessor-version":[{"id":49085,"href":"https:\/\/www.feuerwehr-volkmarode.de\/index.php?rest_route=\/wp\/v2\/einsatz\/1269\/revisions\/49085"}],"wp:featuredmedia":[{"embeddable":true,"href":"https:\/\/www.feuerwehr-volkmarode.de\/index.php?rest_route=\/wp\/v2\/media\/1266"}],"wp:attachment":[{"href":"https:\/\/www.feuerwehr-volkmarode.de\/index.php?rest_route=%2Fwp%2Fv2%2Fmedia&parent=1269"}],"wp:term":[{"taxonomy":"category","embeddable":true,"href":"https:\/\/www.feuerwehr-volkmarode.de\/index.php?rest_route=%2Fwp%2Fv2%2Fcategories&post=1269"},{"taxonomy":"post_tag","embeddable":true,"href":"https:\/\/www.feuerwehr-volkmarode.de\/index.php?rest_route=%2Fwp%2Fv2%2Ftags&post=1269"},{"taxonomy":"einsatzart","embeddable":true,"href":"https:\/\/www.feuerwehr-volkmarode.de\/index.php?rest_route=%2Fwp%2Fv2%2Feinsatzart&post=1269"},{"taxonomy":"fahrzeug","embeddable":true,"href":"https:\/\/www.feuerwehr-volkmarode.de\/index.php?rest_route=%2Fwp%2Fv2%2Ffahrzeug&post=1269"},{"taxonomy":"exteinsatzmittel","embeddable":true,"href":"https:\/\/www.feuerwehr-volkmarode.de\/index.php?rest_route=%2Fwp%2Fv2%2Fexteinsatzmittel&post=1269"},{"taxonomy":"alarmierungsart","embeddable":true,"href":"https:\/\/www.feuerwehr-volkmarode.de\/index.php?rest_route=%2Fwp%2Fv2%2Falarmierungsart&post=1269"},{"taxonomy":"evw_unit","embeddable":true,"href":"https:\/\/www.feuerwehr-volkmarode.de\/index.php?rest_route=%2Fwp%2Fv2%2Fevw_unit&post=1269"}],"curies":[{"name":"wp","href":"https:\/\/api.w.org\/{rel}","templated":true}]}}